{"id":27,"date":"2023-02-27T22:01:39","date_gmt":"2023-02-27T22:01:39","guid":{"rendered":"https:\/\/jardin.uiep.edu.mx\/?page_id=27"},"modified":"2026-02-18T16:29:14","modified_gmt":"2026-02-18T16:29:14","slug":"inicio","status":"publish","type":"page","link":"https:\/\/jardin.uiep.edu.mx\/","title":{"rendered":"Inicio"},"content":{"rendered":"<p>[et_pb_section fb_built=\u00bb1&#8243; fullwidth=\u00bbon\u00bb _builder_version=\u00bb4.27.0&#8243; _module_preset=\u00bbdefault\u00bb global_colors_info=\u00bb{}\u00bb][et_pb_fullwidth_slider _builder_version=\u00bb4.27.0&#8243; _module_preset=\u00bbdefault\u00bb header_font_size=\u00bb16px\u00bb auto=\u00bbon\u00bb hover_enabled=\u00bb0&#8243; header_font_tablet=\u00bbRoboto||||||||\u00bb header_font_phone=\u00bbRoboto||||||||\u00bb header_font_last_edited=\u00bbon|tablet\u00bb global_colors_info=\u00bb{}\u00bb use_bg_overlay=\u00bboff\u00bb sticky_enabled=\u00bb0&#8243;][et_pb_slide heading=\u00bbCat\u00e1logo de especies\u00bb _builder_version=\u00bb4.27.0&#8243; _module_preset=\u00bbdefault\u00bb header_font=\u00bbRoboto|700|||||||\u00bb header_font_size=\u00bb36px\u00bb background_image=\u00bbhttps:\/\/jardin.uiep.edu.mx\/wp-content\/uploads\/2026\/01\/1920x500_1.png\u00bb link_option_url=\u00bbhttps:\/\/jardin.uiep.edu.mx\/?page_id=2&#8243; hover_enabled=\u00bb0&#8243; global_colors_info=\u00bb{}\u00bb sticky_transition=\u00bbon\u00bb use_bg_overlay=\u00bboff\u00bb sticky_enabled=\u00bb0&#8243;][\/et_pb_slide][et_pb_slide heading=\u00bbServicio de temazcal\u00bb _builder_version=\u00bb4.27.0&#8243; _module_preset=\u00bbdefault\u00bb header_font=\u00bbRoboto|700|||||||\u00bb header_font_size=\u00bb36px\u00bb background_image=\u00bbhttps:\/\/jardin.uiep.edu.mx\/wp-content\/uploads\/2024\/11\/slider7.png\u00bb hover_enabled=\u00bb0&#8243; global_colors_info=\u00bb{}\u00bb sticky_transition=\u00bbon\u00bb use_bg_overlay=\u00bboff\u00bb sticky_enabled=\u00bb0&#8243;][\/et_pb_slide][et_pb_slide heading=\u00bbJard\u00edn sede central\u00bb _builder_version=\u00bb4.27.0&#8243; _module_preset=\u00bbdefault\u00bb header_level=\u00bbh2&#8243; header_font=\u00bbRoboto|700|||||||\u00bb header_font_size=\u00bb36px\u00bb background_image=\u00bbhttps:\/\/jardin.uiep.edu.mx\/wp-content\/uploads\/2024\/11\/slider6.png\u00bb background_position=\u00bbcenter_right\u00bb hover_enabled=\u00bb0&#8243; global_colors_info=\u00bb{}\u00bb sticky_transition=\u00bbon\u00bb use_bg_overlay=\u00bboff\u00bb sticky_enabled=\u00bb0&#8243;][\/et_pb_slide][et_pb_slide heading=\u00bbAcceso universal al conocimiento\u00bb _builder_version=\u00bb4.27.0&#8243; _module_preset=\u00bbdefault\u00bb header_level=\u00bbh2&#8243; header_font=\u00bbRoboto|700|||||||\u00bb header_font_size=\u00bb36px\u00bb background_image=\u00bbhttps:\/\/jardin.uiep.edu.mx\/wp-content\/uploads\/2024\/11\/slider1.png\u00bb hover_enabled=\u00bb0&#8243; global_colors_info=\u00bb{}\u00bb sticky_transition=\u00bbon\u00bb use_bg_overlay=\u00bboff\u00bb sticky_enabled=\u00bb0&#8243;][\/et_pb_slide][et_pb_slide heading=\u00bbBanco de germoplasma\u00bb _builder_version=\u00bb4.27.0&#8243; _module_preset=\u00bbdefault\u00bb header_level=\u00bbh2&#8243; header_font=\u00bbRoboto|700|||||||\u00bb header_font_size=\u00bb36px\u00bb background_image=\u00bbhttps:\/\/jardin.uiep.edu.mx\/wp-content\/uploads\/2024\/11\/slider2.png\u00bb background_position=\u00bbcenter_right\u00bb hover_enabled=\u00bb0&#8243; global_colors_info=\u00bb{}\u00bb sticky_transition=\u00bbon\u00bb use_bg_overlay=\u00bboff\u00bb sticky_enabled=\u00bb0&#8243;][\/et_pb_slide][et_pb_slide heading=\u00bbVida silvestre\u00bb _builder_version=\u00bb4.27.0&#8243; _module_preset=\u00bbdefault\u00bb header_level=\u00bbh2&#8243; header_font=\u00bbRoboto|700|||||||\u00bb header_font_size=\u00bb36px\u00bb background_image=\u00bbhttps:\/\/jardin.uiep.edu.mx\/wp-content\/uploads\/2024\/11\/slider3.png\u00bb background_position=\u00bbcenter_right\u00bb hover_enabled=\u00bb0&#8243; global_colors_info=\u00bb{}\u00bb sticky_transition=\u00bbon\u00bb use_bg_overlay=\u00bboff\u00bb sticky_enabled=\u00bb0&#8243;][\/et_pb_slide][et_pb_slide heading=\u00bbPolinizadores naturales\u00bb _builder_version=\u00bb4.27.0&#8243; _module_preset=\u00bbdefault\u00bb header_level=\u00bbh2&#8243; header_font=\u00bbRoboto|700|||||||\u00bb header_font_size=\u00bb36px\u00bb background_image=\u00bbhttps:\/\/jardin.uiep.edu.mx\/wp-content\/uploads\/2024\/11\/slider4.png\u00bb background_position=\u00bbcenter_right\u00bb hover_enabled=\u00bb0&#8243; global_colors_info=\u00bb{}\u00bb sticky_transition=\u00bbon\u00bb use_bg_overlay=\u00bboff\u00bb sticky_enabled=\u00bb0&#8243;][\/et_pb_slide][et_pb_slide heading=\u00bbJard\u00edn Ngigua\u00bb _builder_version=\u00bb4.27.0&#8243; _module_preset=\u00bbdefault\u00bb header_level=\u00bbh2&#8243; header_font=\u00bbRoboto|700|||||||\u00bb header_font_size=\u00bb36px\u00bb background_image=\u00bbhttps:\/\/jardin.uiep.edu.mx\/wp-content\/uploads\/2024\/11\/slider5.png\u00bb background_position=\u00bbcenter_right\u00bb hover_enabled=\u00bb0&#8243; global_colors_info=\u00bb{}\u00bb sticky_transition=\u00bbon\u00bb use_bg_overlay=\u00bboff\u00bb sticky_enabled=\u00bb0&#8243;][\/et_pb_slide][\/et_pb_fullwidth_slider][\/et_pb_section][et_pb_section fb_built=\u00bb1&#8243; disabled_on=\u00bboff|off|off\u00bb admin_label=\u00bbGallery\u00bb _builder_version=\u00bb4.27.0&#8243; _module_preset=\u00bb56e7b886-4342-4df9-80e4-f4f3b2a1f697&#8243; background_color=\u00bb#a34600&#8243; background_enable_color=\u00bboff\u00bb background_image=\u00bbhttps:\/\/www.uiep.edu.mx\/wp-content\/uploads\/2022\/09\/cintillo2.png\u00bb background_enable_image=\u00bboff\u00bb custom_padding=\u00bb18px|0px|14px|0px\u00bb locked=\u00bboff\u00bb collapsed=\u00bbon\u00bb global_colors_info=\u00bb{}\u00bb][et_pb_row column_structure=\u00bb1_2,1_6,1_6,1_6&#8243; use_custom_gutter=\u00bbon\u00bb gutter_width=\u00bb2&#8243; _builder_version=\u00bb4.23.1&#8243; _module_preset=\u00bbdefault\u00bb width=\u00bb94%\u00bb max_width=\u00bbnone\u00bb custom_padding=\u00bb13px||10px|||\u00bb global_colors_info=\u00bb{}\u00bb][et_pb_column type=\u00bb1_2&#8243; _builder_version=\u00bb4.17.4&#8243; _module_preset=\u00bbdefault\u00bb global_colors_info=\u00bb{}\u00bb][et_pb_text _builder_version=\u00bb4.27.0&#8243; _module_preset=\u00bbdefault\u00bb text_text_color=\u00bb#000000&#8243; text_font_size=\u00bb19px\u00bb header_3_font_size=\u00bb24px\u00bb global_colors_info=\u00bb{}\u00bb]<\/p>\n<h3 jscontroller=\"Ae65rd\" jsaction=\"touchstart:UrsOsc; click:KjsqPd; focusout:QZoaZ; mouseover:y0pDld; mouseout:dq0hvd;fv1Rjc:jbFSOd;CrfLRd:SzACGe;\" class=\"CjVfdc\" style=\"text-align: center;\"><strong><span class=\"C9DxTc \">Jard\u00edn Etnobi\u00f3logico de los Siete Pueblos Originarios del Estado de Puebla<\/span><\/strong><span class=\"C9DxTc \"><\/span><\/h3>\n<p style=\"text-align: justify;\"><span style=\"text-align: justify;\">El Jard\u00edn Etnobiol\u00f3gico de los Siete Pueblos Originarios del Estado de Puebla (JEB Puebla) nace en el coraz\u00f3n de la Sierra Nororiental de Puebla, un lugar siempre verde y vivo con cantos y sonidos de aves que transmiten y auguran las buenas cosechas en la milpa con aroma a caf\u00e9, c\u00edtricos y el inconfundible aroma de la vainilla que perfuma el mundo.<\/span><span class=\"C9DxTc \"><\/span><\/p>\n<p style=\"text-align: justify;\"><span style=\"text-align: justify;\"><\/span><\/p>\n<div jscontroller=\"Ae65rd\" jsaction=\"touchstart:UrsOsc; click:KjsqPd; focusout:QZoaZ; mouseover:y0pDld; mouseout:dq0hvd;fv1Rjc:jbFSOd;CrfLRd:SzACGe;\" class=\"CjVfdc\" style=\"text-align: justify;\">\n<p style=\"text-align: justify;\"><span style=\"font-weight: 400;\">El JEB Puebla se ubica en la comunidad de Lipuntahuaca, Huehuetla, uno de los pueblos Totonacos m\u00e1s antiguos de Mesoam\u00e9rica y forma parte del campus de la Universidad Intercultural del Estado de Puebla, que aglomera una comunidad estudiantil de las 7 diferentes culturas de Puebla: totonaca, otom\u00ed, tepehua, mazateca, ngigua, mixteca y nahua.<\/span><\/p>\n<p style=\"text-align: justify;\"><span style=\"font-weight: 400;\">En agosto de 2019 se cre\u00f3 el JEB Puebla y en febrero de 2020 se incorpor\u00f3 a la Red Nacional de Jardines Etnobiol\u00f3gicos (RENAJEB). En el 2024 se crea la subsede del Jard\u00edn Etnobiol\u00f3gico en la regi\u00f3n sur del estado, ubicado en la comunidad de San Marcos Tlacoyalco con el objetivo de salvaguardar la biodiversidad de los pueblos ngigua, mixteco y mazateco.<\/span><\/p>\n<\/div>\n<p>[\/et_pb_text][\/et_pb_column][et_pb_column type=\u00bb1_6&#8243; _builder_version=\u00bb4.17.4&#8243; _module_preset=\u00bbdefault\u00bb global_colors_info=\u00bb{}\u00bb][et_pb_image src=\u00bbhttps:\/\/jardin.uiep.edu.mx\/wp-content\/uploads\/2024\/11\/IMG_1547-scaled.jpg\u00bb title_text=\u00bbIMG_1547&#8243; _builder_version=\u00bb4.27.0&#8243; _module_preset=\u00bbdefault\u00bb global_colors_info=\u00bb{}\u00bb][\/et_pb_image][et_pb_image src=\u00bbhttps:\/\/jardin.uiep.edu.mx\/wp-content\/uploads\/2024\/11\/IMG_1814-scaled.jpg\u00bb title_text=\u00bbIMG_1814&#8243; _builder_version=\u00bb4.27.0&#8243; _module_preset=\u00bbdefault\u00bb global_colors_info=\u00bb{}\u00bb][\/et_pb_image][\/et_pb_column][et_pb_column type=\u00bb1_6&#8243; _builder_version=\u00bb4.17.4&#8243; _module_preset=\u00bbdefault\u00bb global_colors_info=\u00bb{}\u00bb][et_pb_image src=\u00bbhttps:\/\/jardin.uiep.edu.mx\/wp-content\/uploads\/2024\/11\/IMG_1212-scaled.jpg\u00bb title_text=\u00bbIMG_1212&#8243; _builder_version=\u00bb4.27.0&#8243; _module_preset=\u00bbdefault\u00bb global_colors_info=\u00bb{}\u00bb][\/et_pb_image][\/et_pb_column][et_pb_column type=\u00bb1_6&#8243; _builder_version=\u00bb4.17.4&#8243; _module_preset=\u00bbdefault\u00bb global_colors_info=\u00bb{}\u00bb][et_pb_image src=\u00bbhttps:\/\/jardin.uiep.edu.mx\/wp-content\/uploads\/2024\/11\/IMG_1464.jpeg\u00bb title_text=\u00bbIMG_1464&#8243; _builder_version=\u00bb4.27.0&#8243; _module_preset=\u00bbdefault\u00bb global_colors_info=\u00bb{}\u00bb][\/et_pb_image][\/et_pb_column][\/et_pb_row][\/et_pb_section][et_pb_section fb_built=\u00bb1&#8243; disabled_on=\u00bboff|off|off\u00bb admin_label=\u00bbGallery\u00bb _builder_version=\u00bb4.27.0&#8243; _module_preset=\u00bb56e7b886-4342-4df9-80e4-f4f3b2a1f697&#8243; background_color=\u00bb#12876F\u00bb background_image=\u00bbhttps:\/\/www.uiep.edu.mx\/wp-content\/uploads\/2022\/09\/cintillo2.png\u00bb background_enable_image=\u00bboff\u00bb background_enable_pattern_style=\u00bbon\u00bb background_pattern_style=\u00bbscallops\u00bb custom_padding=\u00bb18px|0px|14px|0px\u00bb locked=\u00bboff\u00bb collapsed=\u00bbon\u00bb global_colors_info=\u00bb{}\u00bb][et_pb_row column_structure=\u00bb1_4,1_4,1_4,1_4&#8243; use_custom_gutter=\u00bbon\u00bb gutter_width=\u00bb2&#8243; _builder_version=\u00bb4.27.0&#8243; _module_preset=\u00bbdefault\u00bb width=\u00bb94%\u00bb max_width=\u00bbnone\u00bb custom_padding=\u00bb13px||10px|||\u00bb global_colors_info=\u00bb{}\u00bb][et_pb_column type=\u00bb1_4&#8243; _builder_version=\u00bb4.17.4&#8243; _module_preset=\u00bbdefault\u00bb global_colors_info=\u00bb{}\u00bb][et_pb_image src=\u00bbhttps:\/\/jardin.uiep.edu.mx\/wp-content\/uploads\/2024\/11\/IMG_1224-scaled.jpg\u00bb title_text=\u00bbIMG_1224&#8243; _builder_version=\u00bb4.27.0&#8243; _module_preset=\u00bbdefault\u00bb global_colors_info=\u00bb{}\u00bb][\/et_pb_image][\/et_pb_column][et_pb_column type=\u00bb1_4&#8243; _builder_version=\u00bb4.17.4&#8243; _module_preset=\u00bbdefault\u00bb global_colors_info=\u00bb{}\u00bb][et_pb_text _builder_version=\u00bb4.27.0&#8243; _module_preset=\u00bbdefault\u00bb text_text_color=\u00bb#FFFFFF\u00bb text_font_size=\u00bb19px\u00bb header_3_text_color=\u00bb#FFFFFF\u00bb header_3_font_size=\u00bb24px\u00bb global_colors_info=\u00bb{}\u00bb]<\/p>\n<h3><span><strong>Misi\u00f3n<\/strong><\/span><\/h3>\n<p style=\"text-align: justify;\"><span style=\"font-weight: 400;\">Resguardar, recuperar, intercambiar y difundir el conocimiento local de los siete pueblos originarios del estado de Puebla: Totonaco, N\u00e1hua, Nyuh\u00fa, Tepehua, Mixteco, Ngigua y Mazateco, en relaci\u00f3n con la flora, fauna, hongos nativos, y toda aquella biodiversidad \u00fatil que hist\u00f3ricamente se ha aprovechado para diferentes prop\u00f3sitos.<\/span><\/p>\n<p>[\/et_pb_text][\/et_pb_column][et_pb_column type=\u00bb1_4&#8243; _builder_version=\u00bb4.17.4&#8243; _module_preset=\u00bbdefault\u00bb global_colors_info=\u00bb{}\u00bb][et_pb_image src=\u00bbhttps:\/\/jardin.uiep.edu.mx\/wp-content\/uploads\/2024\/11\/IMG_1334-scaled.jpg\u00bb title_text=\u00bbIMG_1334&#8243; _builder_version=\u00bb4.27.0&#8243; _module_preset=\u00bbdefault\u00bb global_colors_info=\u00bb{}\u00bb][\/et_pb_image][\/et_pb_column][et_pb_column type=\u00bb1_4&#8243; _builder_version=\u00bb4.17.4&#8243; _module_preset=\u00bbdefault\u00bb global_colors_info=\u00bb{}\u00bb][et_pb_text _builder_version=\u00bb4.27.0&#8243; _module_preset=\u00bbdefault\u00bb text_text_color=\u00bb#FFFFFF\u00bb text_font_size=\u00bb19px\u00bb header_3_text_color=\u00bb#FFFFFF\u00bb header_3_font_size=\u00bb24px\u00bb global_colors_info=\u00bb{}\u00bb]<\/p>\n<h3><span><strong>Visi\u00f3n<\/strong><\/span><\/h3>\n<p style=\"text-align: justify;\"><span style=\"font-weight: 400;\">Ser un jard\u00edn etnobiol\u00f3gico que propicie y fomente el intercambio de conocimientos, experiencias, percepciones y cosmovisiones sobre la riqueza biocultural del estado de Puebla y de nuestro pa\u00eds, coadyuvando a la reflexi\u00f3n y revaloraci\u00f3n de la biodiversidad en el contexto de los pueblos originarios de nuestro pa\u00eds.<\/span><\/p>\n<p>[\/et_pb_text][\/et_pb_column][\/et_pb_row][\/et_pb_section][et_pb_section fb_built=\u00bb1&#8243; disabled_on=\u00bboff|off|off\u00bb admin_label=\u00bbGallery\u00bb _builder_version=\u00bb4.27.0&#8243; _module_preset=\u00bb56e7b886-4342-4df9-80e4-f4f3b2a1f697&#8243; background_color=\u00bb#12876F\u00bb background_image=\u00bbhttps:\/\/www.uiep.edu.mx\/wp-content\/uploads\/2022\/09\/cintillo2.png\u00bb background_enable_image=\u00bboff\u00bb background_enable_pattern_style=\u00bbon\u00bb background_pattern_style=\u00bbscallops\u00bb min_height=\u00bb93px\u00bb custom_margin=\u00bb11px|||||\u00bb custom_padding=\u00bb18px|0px|14px|0px\u00bb locked=\u00bboff\u00bb collapsed=\u00bbon\u00bb global_colors_info=\u00bb{}\u00bb][et_pb_row use_custom_gutter=\u00bbon\u00bb gutter_width=\u00bb2&#8243; _builder_version=\u00bb4.27.0&#8243; _module_preset=\u00bbdefault\u00bb width=\u00bb94%\u00bb max_width=\u00bbnone\u00bb custom_padding=\u00bb13px||10px|||\u00bb global_colors_info=\u00bb{}\u00bb][et_pb_column type=\u00bb4_4&#8243; _builder_version=\u00bb4.17.4&#8243; _module_preset=\u00bbdefault\u00bb global_colors_info=\u00bb{}\u00bb][et_pb_text _builder_version=\u00bb4.27.0&#8243; _module_preset=\u00bbdefault\u00bb text_text_color=\u00bb#000000&#8243; text_font_size=\u00bb19px\u00bb header_2_text_color=\u00bb#FFFFFF\u00bb header_3_font_size=\u00bb24px\u00bb custom_margin=\u00bb||21px|||\u00bb global_colors_info=\u00bb{}\u00bb]<\/p>\n<h2 style=\"text-align: left;\"><strong>\u00bfC\u00f3mo llegar al Jard\u00edn Etnobil\u00f3gico de Puebla?<\/strong><\/h2>\n<p>[\/et_pb_text][\/et_pb_column][\/et_pb_row][\/et_pb_section][et_pb_section fb_built=\u00bb1&#8243; disabled_on=\u00bboff|off|off\u00bb admin_label=\u00bbGallery\u00bb _builder_version=\u00bb4.27.0&#8243; _module_preset=\u00bb56e7b886-4342-4df9-80e4-f4f3b2a1f697&#8243; background_color=\u00bb#a34600&#8243; background_enable_color=\u00bboff\u00bb background_image=\u00bbhttps:\/\/www.uiep.edu.mx\/wp-content\/uploads\/2022\/09\/cintillo2.png\u00bb background_enable_image=\u00bboff\u00bb custom_padding=\u00bb18px|0px|14px|0px\u00bb locked=\u00bboff\u00bb collapsed=\u00bbon\u00bb global_colors_info=\u00bb{}\u00bb][et_pb_row column_structure=\u00bb1_2,1_2&#8243; use_custom_gutter=\u00bbon\u00bb gutter_width=\u00bb2&#8243; _builder_version=\u00bb4.27.0&#8243; _module_preset=\u00bbdefault\u00bb width=\u00bb94%\u00bb max_width=\u00bbnone\u00bb custom_padding=\u00bb13px||10px|||\u00bb global_colors_info=\u00bb{}\u00bb][et_pb_column type=\u00bb1_2&#8243; _builder_version=\u00bb4.17.4&#8243; _module_preset=\u00bbdefault\u00bb global_colors_info=\u00bb{}\u00bb][et_pb_text _builder_version=\u00bb4.27.0&#8243; _module_preset=\u00bbdefault\u00bb text_text_color=\u00bb#000000&#8243; text_font_size=\u00bb19px\u00bb header_3_font_size=\u00bb24px\u00bb custom_margin=\u00bb||21px|||\u00bb global_colors_info=\u00bb{}\u00bb]<\/p>\n<h2 style=\"text-align: center;\"><strong>\u00bfC\u00f3mo llegar al Jard\u00edn Etnobil\u00f3gico de Puebla?<\/strong><\/h2>\n<p>[\/et_pb_text][et_pb_video src=\u00bbhttps:\/\/www.youtube.com\/watch?v=HCyLLphdSQA\u00bb _builder_version=\u00bb4.27.0&#8243; _module_preset=\u00bbdefault\u00bb global_colors_info=\u00bb{}\u00bb][\/et_pb_video][\/et_pb_column][et_pb_column type=\u00bb1_2&#8243; _builder_version=\u00bb4.17.4&#8243; _module_preset=\u00bbdefault\u00bb global_colors_info=\u00bb{}\u00bb][\/et_pb_column][\/et_pb_row][\/et_pb_section][et_pb_section fb_built=\u00bb1&#8243; disabled_on=\u00bboff|off|off\u00bb admin_label=\u00bbGallery\u00bb _builder_version=\u00bb4.27.0&#8243; _module_preset=\u00bb56e7b886-4342-4df9-80e4-f4f3b2a1f697&#8243; background_color=\u00bb#12876F\u00bb background_enable_pattern_style=\u00bbon\u00bb background_pattern_style=\u00bbscallops\u00bb custom_padding=\u00bb18px|0px|14px|0px\u00bb locked=\u00bboff\u00bb collapsed=\u00bbon\u00bb global_colors_info=\u00bb{}\u00bb][et_pb_row use_custom_gutter=\u00bbon\u00bb gutter_width=\u00bb2&#8243; _builder_version=\u00bb4.27.0&#8243; _module_preset=\u00bbdefault\u00bb width=\u00bb94%\u00bb max_width=\u00bbnone\u00bb custom_padding=\u00bb13px||10px|||\u00bb global_colors_info=\u00bb{}\u00bb][et_pb_column type=\u00bb4_4&#8243; _builder_version=\u00bb4.17.4&#8243; _module_preset=\u00bbdefault\u00bb global_colors_info=\u00bb{}\u00bb][et_pb_text _builder_version=\u00bb4.27.0&#8243; _module_preset=\u00bbdefault\u00bb text_font_size=\u00bb28px\u00bb header_2_text_align=\u00bbleft\u00bb header_3_text_align=\u00bbleft\u00bb header_3_font_size=\u00bb24px\u00bb background_layout=\u00bbdark\u00bb custom_margin=\u00bb||19px|||\u00bb global_colors_info=\u00bb{}\u00bb]<\/p>\n<h2 style=\"text-align: left;\"><strong>Vida silvestre en el Jard\u00edn\u00a0 Etnobiol\u00f3gico<\/strong><\/h2>\n<p>[\/et_pb_text][\/et_pb_column][\/et_pb_row][\/et_pb_section][et_pb_section fb_built=\u00bb1&#8243; disabled_on=\u00bboff|off|off\u00bb admin_label=\u00bbGallery\u00bb _builder_version=\u00bb4.27.0&#8243; _module_preset=\u00bb56e7b886-4342-4df9-80e4-f4f3b2a1f697&#8243; background_color=\u00bb#a34600&#8243; background_enable_color=\u00bboff\u00bb background_image=\u00bbhttps:\/\/www.uiep.edu.mx\/wp-content\/uploads\/2022\/09\/cintillo2.png\u00bb background_enable_image=\u00bboff\u00bb custom_padding=\u00bb18px|0px|14px|0px\u00bb locked=\u00bboff\u00bb collapsed=\u00bbon\u00bb global_colors_info=\u00bb{}\u00bb][et_pb_row column_structure=\u00bb1_4,1_4,1_4,1_4&#8243; use_custom_gutter=\u00bbon\u00bb gutter_width=\u00bb2&#8243; _builder_version=\u00bb4.27.0&#8243; _module_preset=\u00bbdefault\u00bb width=\u00bb94%\u00bb max_width=\u00bbnone\u00bb custom_padding=\u00bb13px||10px|||\u00bb global_colors_info=\u00bb{}\u00bb][et_pb_column type=\u00bb1_4&#8243; _builder_version=\u00bb4.17.4&#8243; _module_preset=\u00bbdefault\u00bb global_colors_info=\u00bb{}\u00bb][et_pb_video src=\u00bbhttps:\/\/www.youtube.com\/shorts\/zOAtgPD-bjE\u00bb _builder_version=\u00bb4.27.0&#8243; _module_preset=\u00bbdefault\u00bb global_colors_info=\u00bb{}\u00bb][\/et_pb_video][\/et_pb_column][et_pb_column type=\u00bb1_4&#8243; _builder_version=\u00bb4.17.4&#8243; _module_preset=\u00bbdefault\u00bb global_colors_info=\u00bb{}\u00bb][et_pb_image src=\u00bbhttps:\/\/jardin.uiep.edu.mx\/wp-content\/uploads\/2026\/02\/Ardilla-scaled.jpg\u00bb title_text=\u00bbArdilla\u00bb _builder_version=\u00bb4.27.0&#8243; _module_preset=\u00bbdefault\u00bb global_colors_info=\u00bb{}\u00bb][\/et_pb_image][et_pb_image src=\u00bbhttps:\/\/jardin.uiep.edu.mx\/wp-content\/uploads\/2026\/02\/Gavilan-scaled.jpeg\u00bb title_text=\u00bbGavila\u0301n\u00bb _builder_version=\u00bb4.27.0&#8243; _module_preset=\u00bbdefault\u00bb global_colors_info=\u00bb{}\u00bb][\/et_pb_image][\/et_pb_column][et_pb_column type=\u00bb1_4&#8243; _builder_version=\u00bb4.17.4&#8243; _module_preset=\u00bbdefault\u00bb global_colors_info=\u00bb{}\u00bb][et_pb_image src=\u00bbhttps:\/\/jardin.uiep.edu.mx\/wp-content\/uploads\/2026\/02\/Colibri-scaled.jpg\u00bb title_text=\u00bbColibri\u0301\u00bb _builder_version=\u00bb4.27.0&#8243; _module_preset=\u00bbdefault\u00bb global_colors_info=\u00bb{}\u00bb][\/et_pb_image][et_pb_image src=\u00bbhttps:\/\/jardin.uiep.edu.mx\/wp-content\/uploads\/2026\/02\/Serpiente-bejuquillo-scaled.jpg\u00bb title_text=\u00bbSerpiente bejuquillo\u00bb _builder_version=\u00bb4.27.0&#8243; _module_preset=\u00bbdefault\u00bb global_colors_info=\u00bb{}\u00bb][\/et_pb_image][\/et_pb_column][et_pb_column type=\u00bb1_4&#8243; _builder_version=\u00bb4.17.4&#8243; _module_preset=\u00bbdefault\u00bb global_colors_info=\u00bb{}\u00bb][et_pb_image src=\u00bbhttps:\/\/jardin.uiep.edu.mx\/wp-content\/uploads\/2026\/02\/Coquita-scaled.jpg\u00bb title_text=\u00bbCoquita\u00bb _builder_version=\u00bb4.27.0&#8243; _module_preset=\u00bbdefault\u00bb global_colors_info=\u00bb{}\u00bb][\/et_pb_image][et_pb_image src=\u00bbhttps:\/\/jardin.uiep.edu.mx\/wp-content\/uploads\/2026\/02\/Lagartija-scaled.jpg\u00bb title_text=\u00bbLagartija\u00bb _builder_version=\u00bb4.27.0&#8243; _module_preset=\u00bbdefault\u00bb global_colors_info=\u00bb{}\u00bb][\/et_pb_image][\/et_pb_column][\/et_pb_row][\/et_pb_section][et_pb_section fb_built=\u00bb1&#8243; disabled_on=\u00bboff|off|off\u00bb admin_label=\u00bbGallery\u00bb _builder_version=\u00bb4.27.0&#8243; _module_preset=\u00bb56e7b886-4342-4df9-80e4-f4f3b2a1f697&#8243; background_color=\u00bb#12876F\u00bb background_image=\u00bbhttps:\/\/www.uiep.edu.mx\/wp-content\/uploads\/2022\/09\/cintillo2.png\u00bb background_enable_image=\u00bboff\u00bb background_enable_pattern_style=\u00bbon\u00bb background_pattern_style=\u00bbscallops\u00bb custom_padding=\u00bb18px|0px|14px|0px\u00bb locked=\u00bboff\u00bb collapsed=\u00bbon\u00bb global_colors_info=\u00bb{}\u00bb][et_pb_row column_structure=\u00bb1_4,1_4,1_4,1_4&#8243; use_custom_gutter=\u00bbon\u00bb gutter_width=\u00bb2&#8243; _builder_version=\u00bb4.27.0&#8243; _module_preset=\u00bbdefault\u00bb width=\u00bb94%\u00bb max_width=\u00bbnone\u00bb custom_padding=\u00bb13px||10px|||\u00bb global_colors_info=\u00bb{}\u00bb][et_pb_column type=\u00bb1_4&#8243; _builder_version=\u00bb4.17.4&#8243; _module_preset=\u00bbdefault\u00bb global_colors_info=\u00bb{}\u00bb][et_pb_text _builder_version=\u00bb4.27.0&#8243; _module_preset=\u00bbdefault\u00bb text_font_size=\u00bb24px\u00bb header_text_align=\u00bbcenter\u00bb background_color=\u00bb#12876F\u00bb background_enable_pattern_style=\u00bbon\u00bb background_pattern_style=\u00bbscallops\u00bb text_orientation=\u00bbcenter\u00bb background_layout=\u00bbdark\u00bb custom_padding=\u00bb16px||13px|||\u00bb global_colors_info=\u00bb{}\u00bb]<\/p>\n<p><strong>Proyecto Arquitect\u00f3nico<\/strong><\/p>\n<p>[\/et_pb_text][et_pb_image src=\u00bbhttps:\/\/jardin.uiep.edu.mx\/wp-content\/uploads\/2026\/02\/IMG_1416-scaled.jpg\u00bb title_text=\u00bbIMG_1416&#8243; url=\u00bbhttps:\/\/jardin.uiep.edu.mx\/?page_id=39&#8243; _builder_version=\u00bb4.27.0&#8243; _module_preset=\u00bbdefault\u00bb custom_margin=\u00bb||9px|||\u00bb global_colors_info=\u00bb{}\u00bb][\/et_pb_image][\/et_pb_column][et_pb_column type=\u00bb1_4&#8243; _builder_version=\u00bb4.17.4&#8243; _module_preset=\u00bbdefault\u00bb global_colors_info=\u00bb{}\u00bb][et_pb_text _builder_version=\u00bb4.27.0&#8243; _module_preset=\u00bbdefault\u00bb text_font_size=\u00bb24px\u00bb header_text_align=\u00bbcenter\u00bb background_color=\u00bb#12876F\u00bb background_enable_pattern_style=\u00bbon\u00bb background_pattern_style=\u00bbscallops\u00bb text_orientation=\u00bbcenter\u00bb background_layout=\u00bbdark\u00bb custom_padding=\u00bb16px||13px|||\u00bb global_colors_info=\u00bb{}\u00bb]<\/p>\n<p><b>M\u00f3dulo de Vainilla<\/b><\/p>\n<p>[\/et_pb_text][et_pb_image src=\u00bbhttps:\/\/jardin.uiep.edu.mx\/wp-content\/uploads\/2026\/02\/Modulo-Vainillas-scaled.jpg\u00bb title_text=\u00bbMo\u0301dulo Vainillas\u00bb url=\u00bbhttps:\/\/jardin.uiep.edu.mx\/?page_id=39&#8243; _builder_version=\u00bb4.27.0&#8243; _module_preset=\u00bbdefault\u00bb custom_margin=\u00bb||9px|||\u00bb global_colors_info=\u00bb{}\u00bb][\/et_pb_image][\/et_pb_column][et_pb_column type=\u00bb1_4&#8243; _builder_version=\u00bb4.17.4&#8243; _module_preset=\u00bbdefault\u00bb global_colors_info=\u00bb{}\u00bb][et_pb_text _builder_version=\u00bb4.27.0&#8243; _module_preset=\u00bbdefault\u00bb text_font_size=\u00bb24px\u00bb header_text_align=\u00bbcenter\u00bb background_color=\u00bb#12876F\u00bb background_enable_pattern_style=\u00bbon\u00bb background_pattern_style=\u00bbscallops\u00bb text_orientation=\u00bbcenter\u00bb background_layout=\u00bbdark\u00bb custom_padding=\u00bb16px||13px|||\u00bb global_colors_info=\u00bb{}\u00bb]<\/p>\n<p><b>M\u00f3dulo de abejas<\/b><\/p>\n<p>[\/et_pb_text][et_pb_image src=\u00bbhttps:\/\/jardin.uiep.edu.mx\/wp-content\/uploads\/2026\/02\/Cosecha-de-miel-scaled.jpg\u00bb title_text=\u00bbCosecha de miel\u00bb url=\u00bbhttps:\/\/jardin.uiep.edu.mx\/?page_id=39&#8243; _builder_version=\u00bb4.27.0&#8243; _module_preset=\u00bbdefault\u00bb custom_margin=\u00bb||9px|||\u00bb global_colors_info=\u00bb{}\u00bb][\/et_pb_image][\/et_pb_column][et_pb_column type=\u00bb1_4&#8243; _builder_version=\u00bb4.17.4&#8243; _module_preset=\u00bbdefault\u00bb global_colors_info=\u00bb{}\u00bb][et_pb_text _builder_version=\u00bb4.27.0&#8243; _module_preset=\u00bbdefault\u00bb text_font_size=\u00bb24px\u00bb header_text_align=\u00bbcenter\u00bb background_color=\u00bb#12876F\u00bb background_enable_pattern_style=\u00bbon\u00bb background_pattern_style=\u00bbscallops\u00bb text_orientation=\u00bbcenter\u00bb background_layout=\u00bbdark\u00bb custom_padding=\u00bb16px||13px|||\u00bb global_colors_info=\u00bb{}\u00bb]<\/p>\n<p><strong>Repositorio<\/strong><\/p>\n<p>[\/et_pb_text][et_pb_image src=\u00bbhttps:\/\/jardin.uiep.edu.mx\/wp-content\/uploads\/2023\/02\/recetario.jpeg\u00bb title_text=\u00bbrecetario\u00bb url=\u00bbhttps:\/\/jardin.uiep.edu.mx\/?page_id=65&#8243; _builder_version=\u00bb4.27.0&#8243; _module_preset=\u00bbdefault\u00bb custom_margin=\u00bb||9px|||\u00bb global_colors_info=\u00bb{}\u00bb][\/et_pb_image][\/et_pb_column][\/et_pb_row][\/et_pb_section][et_pb_section fb_built=\u00bb1&#8243; specialty=\u00bbon\u00bb disabled_on=\u00bbon|on|on\u00bb _builder_version=\u00bb4.27.0&#8243; _module_preset=\u00bbdefault\u00bb custom_padding=\u00bb31px|||||\u00bb disabled=\u00bbon\u00bb global_colors_info=\u00bb{}\u00bb][et_pb_column type=\u00bb1_2&#8243; specialty_columns=\u00bb2&#8243; _builder_version=\u00bb4.16&#8243; custom_padding=\u00bb|||\u00bb global_colors_info=\u00bb{}\u00bb custom_padding__hover=\u00bb|||\u00bb][et_pb_row_inner _builder_version=\u00bb4.27.0&#8243; _module_preset=\u00bbdefault\u00bb global_colors_info=\u00bb{}\u00bb][et_pb_column_inner saved_specialty_column_type=\u00bb1_2&#8243; _builder_version=\u00bb4.27.0&#8243; _module_preset=\u00bbdefault\u00bb global_colors_info=\u00bb{}\u00bb][et_pb_text _builder_version=\u00bb4.27.0&#8243; _module_preset=\u00bbdefault\u00bb text_text_color=\u00bb#000000&#8243; text_font_size=\u00bb19px\u00bb header_3_font_size=\u00bb24px\u00bb global_colors_info=\u00bb{}\u00bb]<\/p>\n<h3 jscontroller=\"Ae65rd\" jsaction=\"touchstart:UrsOsc; click:KjsqPd; focusout:QZoaZ; mouseover:y0pDld; mouseout:dq0hvd;fv1Rjc:jbFSOd;CrfLRd:SzACGe;\" class=\"CjVfdc\" style=\"text-align: center;\"><strong><span class=\"C9DxTc \">Jard\u00edn Etnobi\u00f3logico de los Siete Pueblos Originarios del Estado de Puebla<\/span><\/strong><span class=\"C9DxTc \"><\/span><\/h3>\n<p style=\"text-align: justify;\"><span style=\"text-align: justify;\">El Jard\u00edn Etnobiol\u00f3gico de los Siete Pueblos Originarios del Estado de Puebla (Jeb Puebla) nace en el coraz\u00f3n de la Sierra Nororiental de Puebla, un lugar siempre verde y vivo con cantos y sonidos de aves que transmiten y auguran las buenas cosechas en la milpa con aroma a caf\u00e9, c\u00edtricos y el inconfundible aroma de la vainilla que perfuma el mundo.<\/span><span class=\"C9DxTc \"><\/span><\/p>\n<p style=\"text-align: justify;\"><span style=\"text-align: justify;\"><\/span><\/p>\n<div jscontroller=\"Ae65rd\" jsaction=\"touchstart:UrsOsc; click:KjsqPd; focusout:QZoaZ; mouseover:y0pDld; mouseout:dq0hvd;fv1Rjc:jbFSOd;CrfLRd:SzACGe;\" class=\"CjVfdc\" style=\"text-align: justify;\">\n<p style=\"text-align: justify;\"><span style=\"font-weight: 400;\">El Jeb Puebla se ubica en la comunidad de Lipuntahuaca, Huehuetla, uno de los pueblos Totonacos m\u00e1s antiguos de Mesoam\u00e9rica y forma parte del campus de la Universidad Intercultural del Estado de Puebla, que aglomera una comunidad estudiantil de las 7 diferentes culturas de Puebla: totonaca, otom\u00ed, tepehua, mazateca, ngigua, mixteca y nahua.<\/span><\/p>\n<p style=\"text-align: justify;\"><span style=\"font-weight: 400;\">En agosto de 2019 se cre\u00f3 el Jeb Puebla y en febrero de 2020 se incorpor\u00f3 a la Red Nacional de Jardines Etnobiol\u00f3gicos (RENAJEB). En el 2024 se crea la subsede del Jard\u00edn Etnobiol\u00f3gico en la regi\u00f3n sur del estado, ubicado en la comunidad de San Marcos Tlacoyalco con el objetivo de salvaguardar la biodiversidad de los pueblos ngigua, mixteco y mazateco.<\/span><\/p>\n<\/div>\n<p>[\/et_pb_text][\/et_pb_column_inner][\/et_pb_row_inner][\/et_pb_column][et_pb_column type=\u00bb1_4&#8243; _builder_version=\u00bb4.16&#8243; custom_padding=\u00bb|||\u00bb global_colors_info=\u00bb{}\u00bb custom_padding__hover=\u00bb|||\u00bb][et_pb_image src=\u00bbhttps:\/\/jardin.uiep.edu.mx\/wp-content\/uploads\/2024\/11\/IMG_1547-scaled.jpg\u00bb title_text=\u00bbIMG_1547&#8243; _builder_version=\u00bb4.27.0&#8243; _module_preset=\u00bbdefault\u00bb global_colors_info=\u00bb{}\u00bb][\/et_pb_image][et_pb_image src=\u00bbhttps:\/\/jardin.uiep.edu.mx\/wp-content\/uploads\/2024\/11\/IMG_1814-scaled.jpg\u00bb title_text=\u00bbIMG_1814&#8243; _builder_version=\u00bb4.27.0&#8243; _module_preset=\u00bbdefault\u00bb global_colors_info=\u00bb{}\u00bb][\/et_pb_image][et_pb_image src=\u00bbhttps:\/\/jardin.uiep.edu.mx\/wp-content\/uploads\/2024\/11\/IMG_1464.jpeg\u00bb title_text=\u00bbIMG_1464&#8243; _builder_version=\u00bb4.27.0&#8243; _module_preset=\u00bbdefault\u00bb global_colors_info=\u00bb{}\u00bb][\/et_pb_image][\/et_pb_column][et_pb_column type=\u00bb1_4&#8243; _builder_version=\u00bb4.16&#8243; custom_padding=\u00bb|||\u00bb global_colors_info=\u00bb{}\u00bb custom_padding__hover=\u00bb|||\u00bb][et_pb_image src=\u00bbhttps:\/\/jardin.uiep.edu.mx\/wp-content\/uploads\/2024\/11\/IMG_1212-scaled.jpg\u00bb title_text=\u00bbIMG_1212&#8243; _builder_version=\u00bb4.27.0&#8243; _module_preset=\u00bbdefault\u00bb global_colors_info=\u00bb{}\u00bb][\/et_pb_image][et_pb_image src=\u00bbhttps:\/\/jardin.uiep.edu.mx\/wp-content\/uploads\/2024\/11\/IMG_1723-scaled.jpg\u00bb title_text=\u00bbIMG_1723&#8243; _builder_version=\u00bb4.27.0&#8243; _module_preset=\u00bbdefault\u00bb global_colors_info=\u00bb{}\u00bb][\/et_pb_image][et_pb_image src=\u00bbhttps:\/\/jardin.uiep.edu.mx\/wp-content\/uploads\/2024\/11\/IMG_5446-scaled.jpg\u00bb title_text=\u00bbIMG_5446&#8243; _builder_version=\u00bb4.27.0&#8243; _module_preset=\u00bbdefault\u00bb global_colors_info=\u00bb{}\u00bb][\/et_pb_image][\/et_pb_column][\/et_pb_section][et_pb_section fb_built=\u00bb1&#8243; specialty=\u00bbon\u00bb disabled_on=\u00bbon|on|on\u00bb _builder_version=\u00bb4.27.0&#8243; _module_preset=\u00bbdefault\u00bb disabled=\u00bbon\u00bb global_colors_info=\u00bb{}\u00bb][et_pb_column type=\u00bb1_3&#8243; _builder_version=\u00bb4.16&#8243; custom_padding=\u00bb|||\u00bb global_colors_info=\u00bb{}\u00bb custom_padding__hover=\u00bb|||\u00bb][et_pb_image src=\u00bbhttps:\/\/jardin.uiep.edu.mx\/wp-content\/uploads\/2024\/11\/IMG_1224-scaled.jpg\u00bb title_text=\u00bbIMG_1224&#8243; _builder_version=\u00bb4.27.0&#8243; _module_preset=\u00bbdefault\u00bb global_colors_info=\u00bb{}\u00bb][\/et_pb_image][et_pb_image src=\u00bbhttps:\/\/jardin.uiep.edu.mx\/wp-content\/uploads\/2024\/11\/IMG_1334-scaled.jpg\u00bb title_text=\u00bbIMG_1334&#8243; _builder_version=\u00bb4.27.0&#8243; _module_preset=\u00bbdefault\u00bb global_colors_info=\u00bb{}\u00bb][\/et_pb_image][\/et_pb_column][et_pb_column type=\u00bb2_3&#8243; specialty_columns=\u00bb2&#8243; _builder_version=\u00bb4.16&#8243; custom_padding=\u00bb|||\u00bb global_colors_info=\u00bb{}\u00bb custom_padding__hover=\u00bb|||\u00bb][et_pb_row_inner _builder_version=\u00bb4.27.0&#8243; _module_preset=\u00bbdefault\u00bb global_colors_info=\u00bb{}\u00bb][et_pb_column_inner saved_specialty_column_type=\u00bb2_3&#8243; _builder_version=\u00bb4.27.0&#8243; _module_preset=\u00bbdefault\u00bb global_colors_info=\u00bb{}\u00bb][et_pb_text _builder_version=\u00bb4.27.0&#8243; _module_preset=\u00bbdefault\u00bb text_font_size=\u00bb19px\u00bb header_3_font_size=\u00bb26px\u00bb global_colors_info=\u00bb{}\u00bb]<\/p>\n<h3><span><strong>Misi\u00f3n<\/strong><\/span><\/h3>\n<p style=\"text-align: justify;\">Resguardar, recuperar, intercambiar y difundir el conocimiento local de los siete pueblos originarios del estado de Puebla: Totonacos, N\u00e1huas, Nyuh\u00fa, Tepehuas, Mixtecos, Ngiguas, Mazatecos, en relaci\u00f3n con la flora, fauna, hongos nativos, y toda aquella biodiversidad \u00fatil que hist\u00f3ricamente se han aprovechado para diferentes prop\u00f3sitos.<\/p>\n<h3><span><strong><\/strong><\/span><\/h3>\n<h3><span><strong><\/strong><\/span><\/h3>\n<h3><span><strong><\/strong><\/span><\/h3>\n<h3><span><strong><\/strong><\/span><\/h3>\n<h3><span><strong>Visi\u00f3n<\/strong><\/span><\/h3>\n<p style=\"text-align: justify;\">Ser un jard\u00edn etnobiol\u00f3gico que propicie y fomente el intercambio de conocimientos, experiencias, percepciones y cosmovisiones sobre la riqueza biocultural del estado de Puebla y de nuestro pa\u00eds. Coadyuvando a la reflexi\u00f3n y revaloraci\u00f3n de la biodiversidad en el contexto de los pueblos originarios de nuestro pa\u00eds.<\/p>\n<p>[\/et_pb_text][\/et_pb_column_inner][\/et_pb_row_inner][\/et_pb_column][\/et_pb_section][et_pb_section fb_built=\u00bb1&#8243; disabled_on=\u00bbon|on|on\u00bb _builder_version=\u00bb4.27.0&#8243; _module_preset=\u00bbdefault\u00bb disabled=\u00bbon\u00bb global_colors_info=\u00bb{}\u00bb][et_pb_row column_structure=\u00bb2_5,3_5&#8243; _builder_version=\u00bb4.27.0&#8243; _module_preset=\u00bbdefault\u00bb global_colors_info=\u00bb{}\u00bb][et_pb_column type=\u00bb2_5&#8243; _builder_version=\u00bb4.27.0&#8243; _module_preset=\u00bbdefault\u00bb global_colors_info=\u00bb{}\u00bb][et_pb_text _builder_version=\u00bb4.27.0&#8243; _module_preset=\u00bbdefault\u00bb global_colors_info=\u00bb{}\u00bb]<\/p>\n<h2 style=\"text-align: center;\"><strong><\/strong><\/h2>\n<h2 style=\"text-align: center;\"><strong><\/strong><\/h2>\n<h2 style=\"text-align: center;\"><strong><\/strong><\/h2>\n<h2 style=\"text-align: center;\"><strong><\/strong><\/h2>\n<h2 style=\"text-align: center;\"><strong><\/strong><\/h2>\n<h2 style=\"text-align: center;\"><strong><\/strong><\/h2>\n<h2 style=\"text-align: center;\"><strong><\/strong><\/h2>\n<h2 style=\"text-align: center;\"><strong><\/strong><\/h2>\n<h2 style=\"text-align: center;\"><strong><\/strong><\/h2>\n<h2 style=\"text-align: center;\"><strong><\/strong><\/h2>\n<h2 style=\"text-align: center;\"><strong><\/strong><\/h2>\n<h2 style=\"text-align: center;\"><strong><\/strong><\/h2>\n<h2 style=\"text-align: center;\"><strong><\/strong><\/h2>\n<h2 style=\"text-align: center;\"><strong><\/strong><\/h2>\n<h2 style=\"text-align: center;\"><strong>\u00bfC\u00f3mo llegar al Jard\u00edn Etnobil\u00f3gico de Puebla?<\/strong><\/h2>\n<p>[\/et_pb_text][\/et_pb_column][et_pb_column type=\u00bb3_5&#8243; _builder_version=\u00bb4.27.0&#8243; _module_preset=\u00bbdefault\u00bb global_colors_info=\u00bb{}\u00bb][\/et_pb_column][\/et_pb_row][\/et_pb_section][et_pb_section fb_built=\u00bb1&#8243; disabled_on=\u00bbon|on|on\u00bb _builder_version=\u00bb4.27.0&#8243; _module_preset=\u00bbdefault\u00bb disabled=\u00bbon\u00bb global_colors_info=\u00bb{}\u00bb][et_pb_row column_structure=\u00bb3_5,2_5&#8243; _builder_version=\u00bb4.27.0&#8243; _module_preset=\u00bbdefault\u00bb global_colors_info=\u00bb{}\u00bb][et_pb_column type=\u00bb3_5&#8243; _builder_version=\u00bb4.27.0&#8243; _module_preset=\u00bbdefault\u00bb global_colors_info=\u00bb{}\u00bb][et_pb_video src=\u00bbhttps:\/\/www.youtube.com\/shorts\/zOAtgPD-bjE\u00bb _builder_version=\u00bb4.27.0&#8243; _module_preset=\u00bbdefault\u00bb global_colors_info=\u00bb{}\u00bb][\/et_pb_video][\/et_pb_column][et_pb_column type=\u00bb2_5&#8243; _builder_version=\u00bb4.27.0&#8243; _module_preset=\u00bbdefault\u00bb global_colors_info=\u00bb{}\u00bb][et_pb_text _builder_version=\u00bb4.27.0&#8243; _module_preset=\u00bbdefault\u00bb text_font_size=\u00bb22px\u00bb global_colors_info=\u00bb{}\u00bb]<\/p>\n<p><strong><\/strong><\/p>\n<p><strong><\/strong><\/p>\n<p><strong><\/strong><\/p>\n<p><strong><\/strong><\/p>\n<p><strong><\/strong><\/p>\n<p><strong><\/strong><\/p>\n<p><strong><\/strong><\/p>\n<p><strong>Vida silvestre en el Jard\u00edn\u00a0 Etnobiol\u00f3gico<\/strong><\/p>\n<p>[\/et_pb_text][\/et_pb_column][\/et_pb_row][\/et_pb_section][et_pb_section fb_built=\u00bb1&#8243; disabled_on=\u00bbon|on|on\u00bb _builder_version=\u00bb4.27.0&#8243; _module_preset=\u00bbdefault\u00bb custom_padding=\u00bb14px|||||\u00bb disabled=\u00bbon\u00bb global_colors_info=\u00bb{}\u00bb][et_pb_row column_structure=\u00bb1_4,1_4,1_4,1_4&#8243; _builder_version=\u00bb4.18.0&#8243; _module_preset=\u00bbdefault\u00bb global_colors_info=\u00bb{}\u00bb][et_pb_column type=\u00bb1_4&#8243; _builder_version=\u00bb4.18.0&#8243; _module_preset=\u00bbdefault\u00bb global_colors_info=\u00bb{}\u00bb][et_pb_team_member name=\u00bbProyecto Arquitect\u00f3nico\u00bb image_url=\u00bbhttps:\/\/jardin.uiep.edu.mx\/wp-content\/uploads\/2023\/02\/arquitectonico.jpeg\u00bb _builder_version=\u00bb4.18.0&#8243; _module_preset=\u00bbdefault\u00bb header_level=\u00bbh5&#8243; header_text_align=\u00bbcenter\u00bb global_colors_info=\u00bb{}\u00bb][\/et_pb_team_member][\/et_pb_column][et_pb_column type=\u00bb1_4&#8243; _builder_version=\u00bb4.18.0&#8243; _module_preset=\u00bbdefault\u00bb global_colors_info=\u00bb{}\u00bb][et_pb_team_member name=\u00bbM\u00f3dulos de Vainilla (Vanilla planifolia)\u00bb image_url=\u00bbhttps:\/\/jardin.uiep.edu.mx\/wp-content\/uploads\/2023\/02\/vainilla.jpeg\u00bb _builder_version=\u00bb4.18.0&#8243; _module_preset=\u00bbdefault\u00bb header_level=\u00bbh5&#8243; header_text_align=\u00bbcenter\u00bb global_colors_info=\u00bb{}\u00bb][\/et_pb_team_member][\/et_pb_column][et_pb_column type=\u00bb1_4&#8243; _builder_version=\u00bb4.18.0&#8243; _module_preset=\u00bbdefault\u00bb global_colors_info=\u00bb{}\u00bb][et_pb_team_member name=\u00bbM\u00f3dulos de abejas (Scaptotrigona mexicana)\u00bb image_url=\u00bbhttps:\/\/jardin.uiep.edu.mx\/wp-content\/uploads\/2023\/02\/abejas.jpeg\u00bb _builder_version=\u00bb4.18.0&#8243; _module_preset=\u00bbdefault\u00bb header_level=\u00bbh5&#8243; header_text_align=\u00bbcenter\u00bb global_colors_info=\u00bb{}\u00bb][\/et_pb_team_member][\/et_pb_column][et_pb_column type=\u00bb1_4&#8243; _builder_version=\u00bb4.18.0&#8243; _module_preset=\u00bbdefault\u00bb global_colors_info=\u00bb{}\u00bb][et_pb_team_member name=\u00bbRepositorio\u00bb image_url=\u00bbhttps:\/\/jardin.uiep.edu.mx\/wp-content\/uploads\/2023\/02\/recetario.jpeg\u00bb _builder_version=\u00bb4.18.0&#8243; _module_preset=\u00bbdefault\u00bb header_level=\u00bbh5&#8243; header_text_align=\u00bbcenter\u00bb global_colors_info=\u00bb{}\u00bb][\/et_pb_team_member][\/et_pb_column][\/et_pb_row][\/et_pb_section]<\/p>\n","protected":false},"excerpt":{"rendered":"<p>Jard\u00edn Etnobi\u00f3logico de los Siete Pueblos Originarios del Estado de Puebla El Jard\u00edn Etnobiol\u00f3gico de los Siete Pueblos Originarios del Estado de Puebla (JEB Puebla) nace en el coraz\u00f3n de la Sierra Nororiental de Puebla, un lugar siempre verde y vivo con cantos y sonidos de aves que transmiten y auguran las buenas cosechas en [&hellip;]<\/p>\n","protected":false},"author":1,"featured_media":0,"parent":0,"menu_order":0,"comment_status":"closed","ping_status":"closed","template":"","meta":{"_et_pb_use_builder":"on","_et_pb_old_content":"","_et_gb_content_width":"","footnotes":""},"_links":{"self":[{"href":"https:\/\/jardin.uiep.edu.mx\/index.php?rest_route=\/wp\/v2\/pages\/27"}],"collection":[{"href":"https:\/\/jardin.uiep.edu.mx\/index.php?rest_route=\/wp\/v2\/pages"}],"about":[{"href":"https:\/\/jardin.uiep.edu.mx\/index.php?rest_route=\/wp\/v2\/types\/page"}],"author":[{"embeddable":true,"href":"https:\/\/jardin.uiep.edu.mx\/index.php?rest_route=\/wp\/v2\/users\/1"}],"replies":[{"embeddable":true,"href":"https:\/\/jardin.uiep.edu.mx\/index.php?rest_route=%2Fwp%2Fv2%2Fcomments&post=27"}],"version-history":[{"count":52,"href":"https:\/\/jardin.uiep.edu.mx\/index.php?rest_route=\/wp\/v2\/pages\/27\/revisions"}],"predecessor-version":[{"id":636,"href":"https:\/\/jardin.uiep.edu.mx\/index.php?rest_route=\/wp\/v2\/pages\/27\/revisions\/636"}],"wp:attachment":[{"href":"https:\/\/jardin.uiep.edu.mx\/index.php?rest_route=%2Fwp%2Fv2%2Fmedia&parent=27"}],"curies":[{"name":"wp","href":"https:\/\/api.w.org\/{rel}","templated":true}]}}