{"id":30,"date":"2023-02-27T21:30:26","date_gmt":"2023-02-27T21:30:26","guid":{"rendered":"https:\/\/jardin.uiep.edu.mx\/?page_id=30"},"modified":"2026-02-17T21:56:33","modified_gmt":"2026-02-17T21:56:33","slug":"grupo-de-trabajo","status":"publish","type":"page","link":"https:\/\/jardin.uiep.edu.mx\/?page_id=30","title":{"rendered":"Grupo de trabajo"},"content":{"rendered":"<p>[et_pb_section fb_built=\u00bb1&#8243; fullwidth=\u00bbon\u00bb _builder_version=\u00bb4.27.0&#8243; _module_preset=\u00bbdefault\u00bb global_colors_info=\u00bb{}\u00bb][et_pb_fullwidth_slider _builder_version=\u00bb4.27.0&#8243; _module_preset=\u00bbdefault\u00bb auto=\u00bbon\u00bb global_colors_info=\u00bb{}\u00bb][et_pb_slide heading=\u00bbGrupo de trabajo\u00bb use_bg_overlay=\u00bboff\u00bb _builder_version=\u00bb4.27.0&#8243; _module_preset=\u00bbdefault\u00bb header_font=\u00bb|700|||||||\u00bb header_font_size=\u00bb28px\u00bb background_image=\u00bbhttps:\/\/jardin.uiep.edu.mx\/wp-content\/uploads\/2026\/02\/baner_jardin.png\u00bb background_position=\u00bbtop_right\u00bb global_colors_info=\u00bb{}\u00bb sticky_transition=\u00bbon\u00bb][\/et_pb_slide][et_pb_slide heading=\u00bbGrupo Ngigua\u00bb use_bg_overlay=\u00bboff\u00bb _builder_version=\u00bb4.27.0&#8243; _module_preset=\u00bbdefault\u00bb header_font=\u00bb|700|||||||\u00bb header_font_size=\u00bb28px\u00bb background_image=\u00bbhttps:\/\/jardin.uiep.edu.mx\/wp-content\/uploads\/2026\/02\/Grupo-Nguigua-scaled.jpg\u00bb header_font_size_tablet=\u00bb28px\u00bb header_font_size_phone=\u00bb28px\u00bb header_font_size_last_edited=\u00bbon|tablet\u00bb global_colors_info=\u00bb{}\u00bb sticky_transition=\u00bbon\u00bb][\/et_pb_slide][\/et_pb_fullwidth_slider][\/et_pb_section][et_pb_section fb_built=\u00bb1&#8243; disabled_on=\u00bboff|off|off\u00bb admin_label=\u00bbGallery\u00bb _builder_version=\u00bb4.27.0&#8243; _module_preset=\u00bb56e7b886-4342-4df9-80e4-f4f3b2a1f697&#8243; background_color=\u00bb#a34600&#8243; background_enable_color=\u00bboff\u00bb background_image=\u00bbhttps:\/\/www.uiep.edu.mx\/wp-content\/uploads\/2022\/09\/cintillo2.png\u00bb background_enable_image=\u00bboff\u00bb custom_padding=\u00bb18px|0px|14px|0px\u00bb locked=\u00bboff\u00bb collapsed=\u00bbon\u00bb global_colors_info=\u00bb{}\u00bb][et_pb_row use_custom_gutter=\u00bbon\u00bb gutter_width=\u00bb2&#8243; _builder_version=\u00bb4.23.1&#8243; _module_preset=\u00bbdefault\u00bb width=\u00bb94%\u00bb max_width=\u00bbnone\u00bb global_colors_info=\u00bb{}\u00bb][et_pb_column type=\u00bb4_4&#8243; _builder_version=\u00bb4.17.4&#8243; _module_preset=\u00bbdefault\u00bb global_colors_info=\u00bb{}\u00bb][et_pb_text _builder_version=\u00bb4.27.0&#8243; _module_preset=\u00bbdefault\u00bb text_font=\u00bb&#8211;et_global_body_font||||||||\u00bb text_font_size=\u00bb18px\u00bb global_colors_info=\u00bb{}\u00bb]<\/p>\n<p style=\"text-align: justify;\"><span>El Jard\u00edn Etnobiol\u00f3gico de los Siete Pueblos Originarios del Estado de Puebla se construye con la participaci\u00f3n de sabias y sabios de las comunidades, estudiantes, profesores y profesoras, investigadores e investigadoras, de distintos pueblos originarios e instituciones de educaci\u00f3n superior, de manera horizontal y transdisciplinario.\u00a0<\/span><\/p>\n<p>[\/et_pb_text][\/et_pb_column][\/et_pb_row][et_pb_row use_custom_gutter=\u00bbon\u00bb gutter_width=\u00bb2&#8243; _builder_version=\u00bb4.23.1&#8243; _module_preset=\u00bbdefault\u00bb width=\u00bb94%\u00bb max_width=\u00bbnone\u00bb global_colors_info=\u00bb{}\u00bb custom_padding=\u00bb15px||13px|||\u00bb][et_pb_column type=\u00bb4_4&#8243; _builder_version=\u00bb4.17.4&#8243; _module_preset=\u00bbdefault\u00bb global_colors_info=\u00bb{}\u00bb][et_pb_heading title=\u00bbEquipo de la Universidad Intercultural del Estado de Puebla\u00bb _builder_version=\u00bb4.27.0&#8243; _module_preset=\u00bbdefault\u00bb title_level=\u00bbh2&#8243; title_font=\u00bbRoboto|Cormorant Garamond_weight|||||||\u00bb title_text_align=\u00bbleft\u00bb title_text_color=\u00bb#111111&#8243; title_font_size=\u00bb24px\u00bb title_line_height=\u00bb1.2em\u00bb custom_margin=\u00bb3px||8px||false|false\u00bb custom_padding=\u00bb3px|||||\u00bb title_font_size_tablet=\u00bb28px\u00bb title_font_size_phone=\u00bb20px\u00bb title_font_size_last_edited=\u00bbon|phone\u00bb global_colors_info=\u00bb{}\u00bb][\/et_pb_heading][\/et_pb_column][\/et_pb_row][et_pb_row column_structure=\u00bb1_3,1_3,1_3&#8243; use_custom_gutter=\u00bbon\u00bb gutter_width=\u00bb2&#8243; _builder_version=\u00bb4.23.1&#8243; _module_preset=\u00bbdefault\u00bb width=\u00bb94%\u00bb max_width=\u00bbnone\u00bb global_colors_info=\u00bb{}\u00bb custom_padding=\u00bb18px|||||\u00bb][et_pb_column type=\u00bb1_3&#8243; _builder_version=\u00bb4.17.4&#8243; _module_preset=\u00bbdefault\u00bb global_colors_info=\u00bb{}\u00bb][et_pb_team_member name=\u00bbResponsable legal\u00bb _builder_version=\u00bb4.27.0&#8243; _module_preset=\u00bbdefault\u00bb header_font=\u00bb|700|||||||\u00bb position_text_color=\u00bb#000000&#8243; global_colors_info=\u00bb{}\u00bb][\/et_pb_team_member][et_pb_text _builder_version=\u00bb4.27.0&#8243; _module_preset=\u00bbdefault\u00bb text_font=\u00bb&#8211;et_global_body_font||||||||\u00bb text_font_size=\u00bb18px\u00bb global_colors_info=\u00bb{}\u00bb]<\/p>\n<p style=\"text-align: justify;\"><span>Rogelio Hern\u00e1ndez Ortega &#8211; Rector de la Universidad Intercultural del Estado de Puebla<\/span><\/p>\n<p style=\"text-align: justify;\"><span style=\"color: #008000;\"><strong>rectoria@uiep.edu.mx<\/strong><\/span><\/p>\n<p>[\/et_pb_text][\/et_pb_column][et_pb_column type=\u00bb1_3&#8243; _builder_version=\u00bb4.17.4&#8243; _module_preset=\u00bbdefault\u00bb global_colors_info=\u00bb{}\u00bb][et_pb_team_member name=\u00bbResponsable t\u00e9cnico\u00bb _builder_version=\u00bb4.27.0&#8243; _module_preset=\u00bbdefault\u00bb header_font=\u00bb|700|||||||\u00bb header_font_size=\u00bb20px\u00bb position_text_color=\u00bb#000000&#8243; global_colors_info=\u00bb{}\u00bb][\/et_pb_team_member][et_pb_text _builder_version=\u00bb4.27.0&#8243; _module_preset=\u00bbdefault\u00bb text_font=\u00bb&#8211;et_global_body_font||||||||\u00bb text_font_size=\u00bb18px\u00bb global_colors_info=\u00bb{}\u00bb]<\/p>\n<p style=\"text-align: justify;\"><span>Oscar P\u00e9rez Garc\u00eda &#8211; Profesor de Tiempo Completo<\/span><\/p>\n<p style=\"text-align: justify;\"><span style=\"color: #008000;\"><strong>oscar.perez@uiep.edu.mx<\/strong><\/span><\/p>\n<p>[\/et_pb_text][\/et_pb_column][et_pb_column type=\u00bb1_3&#8243; _builder_version=\u00bb4.17.4&#8243; _module_preset=\u00bbdefault\u00bb global_colors_info=\u00bb{}\u00bb][et_pb_team_member name=\u00bbResponsable administrativo\u00bb _builder_version=\u00bb4.27.0&#8243; _module_preset=\u00bbdefault\u00bb header_font=\u00bb|700|||||||\u00bb position_text_color=\u00bb#000000&#8243; global_colors_info=\u00bb{}\u00bb][\/et_pb_team_member][et_pb_text _builder_version=\u00bb4.27.0&#8243; _module_preset=\u00bbdefault\u00bb text_font=\u00bb&#8211;et_global_body_font||||||||\u00bb text_font_size=\u00bb18px\u00bb global_colors_info=\u00bb{}\u00bb]<\/p>\n<p style=\"text-align: justify;\">Renato Almor\u00edn Albino\u00a0<\/p>\n<p style=\"text-align: justify;\"><span style=\"color: #008000;\"><strong>r<\/strong><strong>enato.almorin@uiep.edu.mx<\/strong><\/span><\/p>\n<p>[\/et_pb_text][\/et_pb_column][\/et_pb_row][et_pb_row column_structure=\u00bb1_4,1_4,1_4,1_4&#8243; use_custom_gutter=\u00bbon\u00bb gutter_width=\u00bb2&#8243; _builder_version=\u00bb4.23.1&#8243; _module_preset=\u00bbdefault\u00bb width=\u00bb94%\u00bb max_width=\u00bbnone\u00bb global_colors_info=\u00bb{}\u00bb custom_padding=\u00bb16px||15px|||\u00bb][et_pb_column type=\u00bb1_4&#8243; _builder_version=\u00bb4.17.4&#8243; _module_preset=\u00bbdefault\u00bb global_colors_info=\u00bb{}\u00bb][et_pb_team_member name=\u00bbResponsable en la coordinaci\u00f3n del Jard\u00edn\u00bb _builder_version=\u00bb4.27.0&#8243; _module_preset=\u00bbdefault\u00bb header_font=\u00bb|700|||||||\u00bb position_text_color=\u00bb#000000&#8243; global_colors_info=\u00bb{}\u00bb][\/et_pb_team_member][et_pb_text _builder_version=\u00bb4.27.0&#8243; _module_preset=\u00bbdefault\u00bb text_font=\u00bb&#8211;et_global_body_font||||||||\u00bb text_font_size=\u00bb18px\u00bb global_colors_info=\u00bb{}\u00bb]<\/p>\n<p style=\"text-align: justify;\">Jos\u00e9 Lorenzo Laureano<\/p>\n<p style=\"text-align: justify;\"><strong><span style=\"color: #008000;\"><span>Jeb.puebla@uiep.edu.mx<\/span><\/span><\/strong><\/p>\n<p>[\/et_pb_text][\/et_pb_column][et_pb_column type=\u00bb1_4&#8243; _builder_version=\u00bb4.17.4&#8243; _module_preset=\u00bbdefault\u00bb global_colors_info=\u00bb{}\u00bb][et_pb_team_member name=\u00bbResponsable del m\u00f3dulo de especies prioritarias del Jard\u00edn\u00bb _builder_version=\u00bb4.27.0&#8243; _module_preset=\u00bbdefault\u00bb header_font=\u00bb|700|||||||\u00bb position_text_color=\u00bb#000000&#8243; global_colors_info=\u00bb{}\u00bb][\/et_pb_team_member][et_pb_text _builder_version=\u00bb4.27.0&#8243; _module_preset=\u00bbdefault\u00bb text_font=\u00bb&#8211;et_global_body_font||||||||\u00bb text_font_size=\u00bb18px\u00bb global_colors_info=\u00bb{}\u00bb]<\/p>\n<p style=\"text-align: justify;\"><span>Oscar P\u00e9rez Garc\u00eda<\/span><\/p>\n<p style=\"text-align: justify;\"><span style=\"color: #008000;\"><strong>oscar.perez@uiep.edu.mx<\/strong><\/span><\/p>\n<p>[\/et_pb_text][\/et_pb_column][et_pb_column type=\u00bb1_4&#8243; _builder_version=\u00bb4.17.4&#8243; _module_preset=\u00bbdefault\u00bb global_colors_info=\u00bb{}\u00bb][et_pb_team_member name=\u00bbResponsable del m\u00f3dulo de conservaci\u00f3n de la diversidad gen\u00e9tica de la vainilla y cultivos emblem\u00e1ticos del Jard\u00edn\u00bb _builder_version=\u00bb4.27.0&#8243; _module_preset=\u00bbdefault\u00bb header_font=\u00bb|700|||||||\u00bb position_text_color=\u00bb#000000&#8243; global_colors_info=\u00bb{}\u00bb][\/et_pb_team_member][et_pb_text _builder_version=\u00bb4.27.0&#8243; _module_preset=\u00bbdefault\u00bb text_font=\u00bb&#8211;et_global_body_font||||||||\u00bb text_font_size=\u00bb18px\u00bb global_colors_info=\u00bb{}\u00bb]<\/p>\n<p style=\"text-align: justify;\"><span>Maximino D\u00edaz Bautista<\/span><\/p>\n<p style=\"text-align: justify;\"><strong><span style=\"color: #008000;\"><span>maximino.diaz@uiep.edu.mx<\/span><\/span><\/strong><\/p>\n<p>[\/et_pb_text][\/et_pb_column][et_pb_column type=\u00bb1_4&#8243; _builder_version=\u00bb4.17.4&#8243; _module_preset=\u00bbdefault\u00bb global_colors_info=\u00bb{}\u00bb][et_pb_team_member name=\u00bbResponsable del m\u00f3dulo de producci\u00f3n agroecol\u00f3gica del Jard\u00edn\u00bb _builder_version=\u00bb4.27.0&#8243; _module_preset=\u00bbdefault\u00bb header_font=\u00bb|700|||||||\u00bb position_text_color=\u00bb#000000&#8243; global_colors_info=\u00bb{}\u00bb][\/et_pb_team_member][et_pb_text _builder_version=\u00bb4.27.0&#8243; _module_preset=\u00bbdefault\u00bb text_font=\u00bb&#8211;et_global_body_font||||||||\u00bb text_font_size=\u00bb18px\u00bb global_colors_info=\u00bb{}\u00bb]<\/p>\n<p style=\"text-align: justify;\">Renato Almor\u00edn Albino\u00a0<\/p>\n<p style=\"text-align: justify;\"><span style=\"color: #008000;\"><strong>r<\/strong><strong>enato.almorin@uiep.edu.mx<\/strong><\/span><\/p>\n<p>[\/et_pb_text][\/et_pb_column][\/et_pb_row][et_pb_row column_structure=\u00bb1_4,1_4,1_4,1_4&#8243; use_custom_gutter=\u00bbon\u00bb gutter_width=\u00bb2&#8243; _builder_version=\u00bb4.23.1&#8243; _module_preset=\u00bbdefault\u00bb width=\u00bb94%\u00bb max_width=\u00bbnone\u00bb global_colors_info=\u00bb{}\u00bb custom_padding=\u00bb22px|||||\u00bb][et_pb_column type=\u00bb1_4&#8243; _builder_version=\u00bb4.17.4&#8243; _module_preset=\u00bbdefault\u00bb global_colors_info=\u00bb{}\u00bb][et_pb_team_member name=\u00bbResponsables del m\u00f3dulo de medicina tradicional del Jard\u00edn\u00bb _builder_version=\u00bb4.27.0&#8243; _module_preset=\u00bbdefault\u00bb header_font=\u00bb|700|||||||\u00bb position_text_color=\u00bb#000000&#8243; global_colors_info=\u00bb{}\u00bb][\/et_pb_team_member][et_pb_text _builder_version=\u00bb4.27.0&#8243; _module_preset=\u00bbdefault\u00bb text_font=\u00bb&#8211;et_global_body_font||||||||\u00bb text_font_size=\u00bb18px\u00bb global_colors_info=\u00bb{}\u00bb]<\/p>\n<p style=\"text-align: justify;\"><span>Mar\u00eda Alejandra Carrisoza Hern\u00e1ndez\u00a0<\/span><\/p>\n<p style=\"text-align: justify;\"><strong><span style=\"color: #008000;\"><span>alejandra.carrizosa@uiep.edu.mx<\/span><\/span><\/strong><\/p>\n<p>[\/et_pb_text][\/et_pb_column][et_pb_column type=\u00bb1_4&#8243; _builder_version=\u00bb4.17.4&#8243; _module_preset=\u00bbdefault\u00bb global_colors_info=\u00bb{}\u00bb][et_pb_team_member name=\u00bbProfesora de Tiempo Completo\u00bb _builder_version=\u00bb4.27.0&#8243; _module_preset=\u00bbdefault\u00bb header_font=\u00bb|700|||||||\u00bb position_text_color=\u00bb#000000&#8243; global_colors_info=\u00bb{}\u00bb][\/et_pb_team_member][et_pb_text _builder_version=\u00bb4.27.0&#8243; _module_preset=\u00bbdefault\u00bb text_font=\u00bb&#8211;et_global_body_font||||||||\u00bb text_font_size=\u00bb18px\u00bb global_colors_info=\u00bb{}\u00bb]<\/p>\n<p style=\"text-align: justify;\">Ana Mar\u00eda Teresa Garc\u00eda Garc\u00eda<\/p>\n<p style=\"text-align: justify;\"><span style=\"color: #008000;\"><strong><span>anamaria.garcia@<\/span><span>uiep.edu.mx<\/span><\/strong><\/span><\/p>\n<p>[\/et_pb_text][\/et_pb_column][et_pb_column type=\u00bb1_4&#8243; _builder_version=\u00bb4.17.4&#8243; _module_preset=\u00bbdefault\u00bb global_colors_info=\u00bb{}\u00bb][et_pb_team_member name=\u00bbDirector de Planeaci\u00f3n, Programaci\u00f3n y Evaluaci\u00f3n\u00bb _builder_version=\u00bb4.27.0&#8243; _module_preset=\u00bbdefault\u00bb header_font=\u00bb|700|||||||\u00bb position_text_color=\u00bb#000000&#8243; global_colors_info=\u00bb{}\u00bb][\/et_pb_team_member][et_pb_text _builder_version=\u00bb4.27.0&#8243; _module_preset=\u00bbdefault\u00bb text_font=\u00bb&#8211;et_global_body_font||||||||\u00bb text_font_size=\u00bb18px\u00bb global_colors_info=\u00bb{}\u00bb]<\/p>\n<p style=\"text-align: justify;\"><span>Macario Lauro Bautista Ram\u00edrez<\/span><\/p>\n<p style=\"text-align: justify;\"><strong><span style=\"color: #008000;\"><span>planeacion@uiep.edu.mx<\/span><\/span><\/strong><\/p>\n<p>[\/et_pb_text][\/et_pb_column][et_pb_column type=\u00bb1_4&#8243; _builder_version=\u00bb4.17.4&#8243; _module_preset=\u00bbdefault\u00bb global_colors_info=\u00bb{}\u00bb][et_pb_team_member name=\u00bbJefe del Departamento de Inform\u00e1tica\u00bb _builder_version=\u00bb4.27.0&#8243; _module_preset=\u00bbdefault\u00bb header_font=\u00bb|700|||||||\u00bb position_text_color=\u00bb#000000&#8243; global_colors_info=\u00bb{}\u00bb][\/et_pb_team_member][et_pb_text _builder_version=\u00bb4.27.0&#8243; _module_preset=\u00bbdefault\u00bb text_font=\u00bb&#8211;et_global_body_font||||||||\u00bb text_font_size=\u00bb18px\u00bb global_colors_info=\u00bb{}\u00bb]<\/p>\n<p style=\"text-align: justify;\">Gilberto Vega Jim\u00e9nez<\/p>\n<p style=\"text-align: justify;\"><span style=\"color: #008000;\"><strong><span>informatica@<\/span><span>uiep.edu.mx<\/span><\/strong><\/span><\/p>\n<p>[\/et_pb_text][\/et_pb_column][\/et_pb_row][\/et_pb_section][et_pb_section fb_built=\u00bb1&#8243; disabled_on=\u00bboff|off|off\u00bb admin_label=\u00bbGallery\u00bb _builder_version=\u00bb4.27.0&#8243; _module_preset=\u00bb56e7b886-4342-4df9-80e4-f4f3b2a1f697&#8243; background_color=\u00bb#12876F\u00bb background_image=\u00bbhttps:\/\/www.uiep.edu.mx\/wp-content\/uploads\/2022\/09\/cintillo2.png\u00bb background_enable_image=\u00bboff\u00bb custom_padding=\u00bb18px|0px|14px|0px\u00bb hover_enabled=\u00bb0&#8243; locked=\u00bboff\u00bb collapsed=\u00bbon\u00bb global_colors_info=\u00bb{}\u00bb background_enable_pattern_style=\u00bbon\u00bb background_pattern_style=\u00bbscallops\u00bb sticky_enabled=\u00bb0&#8243;][et_pb_row use_custom_gutter=\u00bbon\u00bb gutter_width=\u00bb2&#8243; _builder_version=\u00bb4.23.1&#8243; _module_preset=\u00bbdefault\u00bb width=\u00bb94%\u00bb max_width=\u00bbnone\u00bb global_colors_info=\u00bb{}\u00bb custom_padding=\u00bb16px||11px|||\u00bb][et_pb_column type=\u00bb4_4&#8243; _builder_version=\u00bb4.17.4&#8243; _module_preset=\u00bbdefault\u00bb global_colors_info=\u00bb{}\u00bb][et_pb_heading title=\u00bbInstituciones Participantes\u00bb _builder_version=\u00bb4.27.0&#8243; _module_preset=\u00bbdefault\u00bb title_level=\u00bbh2&#8243; title_font=\u00bbRoboto|Cormorant Garamond_weight|||||||\u00bb title_text_align=\u00bbleft\u00bb title_font_size=\u00bb24px\u00bb title_line_height=\u00bb1.2em\u00bb custom_margin=\u00bb3px||8px||false|false\u00bb custom_padding=\u00bb3px|||||\u00bb hover_enabled=\u00bb0&#8243; title_font_size_tablet=\u00bb28px\u00bb title_font_size_phone=\u00bb20px\u00bb title_font_size_last_edited=\u00bbon|phone\u00bb global_colors_info=\u00bb{}\u00bb sticky_enabled=\u00bb0&#8243; title_text_color=\u00bb#FFFFFF\u00bb][\/et_pb_heading][\/et_pb_column][\/et_pb_row][et_pb_row column_structure=\u00bb1_4,1_4,1_4,1_4&#8243; use_custom_gutter=\u00bbon\u00bb gutter_width=\u00bb2&#8243; _builder_version=\u00bb4.23.1&#8243; _module_preset=\u00bbdefault\u00bb width=\u00bb94%\u00bb max_width=\u00bbnone\u00bb global_colors_info=\u00bb{}\u00bb][et_pb_column type=\u00bb1_4&#8243; _builder_version=\u00bb4.17.4&#8243; _module_preset=\u00bbdefault\u00bb global_colors_info=\u00bb{}\u00bb][et_pb_team_member name=\u00bbColegio de la Frontera Sur\u00bb _builder_version=\u00bb4.27.0&#8243; _module_preset=\u00bbdefault\u00bb header_font=\u00bb|700|||||||\u00bb header_font_size=\u00bb20px\u00bb position_text_color=\u00bb#000000&#8243; hover_enabled=\u00bb0&#8243; global_colors_info=\u00bb{}\u00bb sticky_enabled=\u00bb0&#8243; header_text_color=\u00bb#FFFFFF\u00bb][\/et_pb_team_member][et_pb_text _builder_version=\u00bb4.27.0&#8243; _module_preset=\u00bbdefault\u00bb text_font=\u00bb&#8211;et_global_body_font||||||||\u00bb text_font_size=\u00bb18px\u00bb hover_enabled=\u00bb0&#8243; global_colors_info=\u00bb{}\u00bb background_layout=\u00bbdark\u00bb sticky_enabled=\u00bb0&#8243;]<\/p>\n<p style=\"text-align: justify;\">Jos\u00e9 Espinoza P\u00e9rez<\/p>\n<p style=\"text-align: justify;\"><strong>jep.espinozajose@gmail.com<\/strong><\/p>\n<p>[\/et_pb_text][\/et_pb_column][et_pb_column type=\u00bb1_4&#8243; _builder_version=\u00bb4.17.4&#8243; _module_preset=\u00bbdefault\u00bb global_colors_info=\u00bb{}\u00bb][et_pb_team_member name=\u00bbInstituto Tecnol\u00f3gico Superior de Zacapoaxtla\u00bb _builder_version=\u00bb4.27.0&#8243; _module_preset=\u00bbdefault\u00bb header_font=\u00bb|700|||||||\u00bb header_font_size=\u00bb20px\u00bb position_text_color=\u00bb#000000&#8243; hover_enabled=\u00bb0&#8243; global_colors_info=\u00bb{}\u00bb sticky_enabled=\u00bb0&#8243; header_text_color=\u00bb#FFFFFF\u00bb][\/et_pb_team_member][et_pb_text _builder_version=\u00bb4.27.0&#8243; _module_preset=\u00bbdefault\u00bb text_font=\u00bb&#8211;et_global_body_font||||||||\u00bb text_font_size=\u00bb18px\u00bb hover_enabled=\u00bb0&#8243; global_colors_info=\u00bb{}\u00bb background_layout=\u00bbdark\u00bb sticky_enabled=\u00bb0&#8243;]<\/p>\n<p style=\"text-align: justify;\"><span>Diana Ramiro Calder\u00f3n<\/span><\/p>\n<p style=\"text-align: justify;\"><strong>diana.rc@zacapoaxtla.tecnm.mx<\/strong><\/p>\n<p>[\/et_pb_text][\/et_pb_column][et_pb_column type=\u00bb1_4&#8243; _builder_version=\u00bb4.17.4&#8243; _module_preset=\u00bbdefault\u00bb global_colors_info=\u00bb{}\u00bb][et_pb_team_member name=\u00bbInstituto Tecnol\u00f3gico Superior de Zacapoaxtla\u00bb _builder_version=\u00bb4.27.0&#8243; _module_preset=\u00bbdefault\u00bb header_font=\u00bb|700|||||||\u00bb header_font_size=\u00bb20px\u00bb position_text_color=\u00bb#000000&#8243; hover_enabled=\u00bb0&#8243; global_colors_info=\u00bb{}\u00bb sticky_enabled=\u00bb0&#8243; header_text_color=\u00bb#FFFFFF\u00bb][\/et_pb_team_member][et_pb_text _builder_version=\u00bb4.27.0&#8243; _module_preset=\u00bbdefault\u00bb text_font=\u00bb&#8211;et_global_body_font||||||||\u00bb text_font_size=\u00bb18px\u00bb hover_enabled=\u00bb0&#8243; global_colors_info=\u00bb{}\u00bb background_layout=\u00bbdark\u00bb sticky_enabled=\u00bb0&#8243;]<\/p>\n<p style=\"text-align: justify;\">Oscar Javier Zapata Nava<\/p>\n<p style=\"text-align: justify;\"><strong>oscar.zn@zacapoaxtla.tecnm.mx<\/strong><\/p>\n<p>[\/et_pb_text][\/et_pb_column][et_pb_column type=\u00bb1_4&#8243; _builder_version=\u00bb4.17.4&#8243; _module_preset=\u00bbdefault\u00bb global_colors_info=\u00bb{}\u00bb][et_pb_team_member name=\u00bbInstituto Tecnol\u00f3gico Superior de Zacapoaxtla\u00bb _builder_version=\u00bb4.27.0&#8243; _module_preset=\u00bbdefault\u00bb header_font=\u00bb|700|||||||\u00bb header_font_size=\u00bb20px\u00bb position_text_color=\u00bb#000000&#8243; hover_enabled=\u00bb0&#8243; global_colors_info=\u00bb{}\u00bb sticky_enabled=\u00bb0&#8243; header_text_color=\u00bb#FFFFFF\u00bb][\/et_pb_team_member][et_pb_text _builder_version=\u00bb4.27.0&#8243; _module_preset=\u00bbdefault\u00bb text_font=\u00bb&#8211;et_global_body_font||||||||\u00bb text_font_size=\u00bb18px\u00bb hover_enabled=\u00bb0&#8243; global_colors_info=\u00bb{}\u00bb background_layout=\u00bbdark\u00bb sticky_enabled=\u00bb0&#8243;]<\/p>\n<p style=\"text-align: justify;\">Ismael Alvarez Marquez<\/p>\n<p style=\"text-align: justify;\"><strong>ismaelalvarezz10@gmail.com<\/strong><\/p>\n<p>[\/et_pb_text][\/et_pb_column][\/et_pb_row][\/et_pb_section][et_pb_section fb_built=\u00bb1&#8243; disabled_on=\u00bboff|off|off\u00bb admin_label=\u00bbGallery\u00bb _builder_version=\u00bb4.27.0&#8243; _module_preset=\u00bb56e7b886-4342-4df9-80e4-f4f3b2a1f697&#8243; background_enable_color=\u00bboff\u00bb background_image=\u00bbhttps:\/\/www.uiep.edu.mx\/wp-content\/uploads\/2022\/09\/cintillo2.png\u00bb background_enable_image=\u00bboff\u00bb custom_padding=\u00bb18px|0px|14px|0px\u00bb hover_enabled=\u00bb0&#8243; locked=\u00bboff\u00bb collapsed=\u00bbon\u00bb global_colors_info=\u00bb{}\u00bb sticky_enabled=\u00bb0&#8243;][et_pb_row use_custom_gutter=\u00bbon\u00bb gutter_width=\u00bb2&#8243; _builder_version=\u00bb4.23.1&#8243; _module_preset=\u00bbdefault\u00bb width=\u00bb94%\u00bb max_width=\u00bbnone\u00bb global_colors_info=\u00bb{}\u00bb custom_padding=\u00bb16px||11px|||\u00bb][et_pb_column type=\u00bb4_4&#8243; _builder_version=\u00bb4.17.4&#8243; _module_preset=\u00bbdefault\u00bb global_colors_info=\u00bb{}\u00bb][et_pb_heading title=\u00bbColaboradores\u00bb _builder_version=\u00bb4.27.0&#8243; _module_preset=\u00bbdefault\u00bb title_level=\u00bbh2&#8243; title_font=\u00bbRoboto|Cormorant Garamond_weight|||||||\u00bb title_text_align=\u00bbleft\u00bb title_font_size=\u00bb24px\u00bb title_line_height=\u00bb1.2em\u00bb custom_margin=\u00bb3px||8px||false|false\u00bb custom_padding=\u00bb3px|||||\u00bb hover_enabled=\u00bb0&#8243; title_font_size_tablet=\u00bb28px\u00bb title_font_size_phone=\u00bb20px\u00bb title_font_size_last_edited=\u00bbon|phone\u00bb global_colors_info=\u00bb{}\u00bb sticky_enabled=\u00bb0&#8243;][\/et_pb_heading][\/et_pb_column][\/et_pb_row][et_pb_row column_structure=\u00bb1_3,1_3,1_3&#8243; use_custom_gutter=\u00bbon\u00bb gutter_width=\u00bb2&#8243; _builder_version=\u00bb4.23.1&#8243; _module_preset=\u00bbdefault\u00bb width=\u00bb94%\u00bb max_width=\u00bbnone\u00bb hover_enabled=\u00bb0&#8243; global_colors_info=\u00bb{}\u00bb sticky_enabled=\u00bb0&#8243;][et_pb_column type=\u00bb1_3&#8243; _builder_version=\u00bb4.17.4&#8243; _module_preset=\u00bbdefault\u00bb global_colors_info=\u00bb{}\u00bb][et_pb_team_member name=\u00bbEl Colegio de la Frontera Sur-Unidad San Crist\u00f3bal\u00bb _builder_version=\u00bb4.27.0&#8243; _module_preset=\u00bbdefault\u00bb header_font=\u00bb|700|||||||\u00bb header_font_size=\u00bb20px\u00bb position_text_color=\u00bb#000000&#8243; hover_enabled=\u00bb0&#8243; global_colors_info=\u00bb{}\u00bb sticky_enabled=\u00bb0&#8243;][\/et_pb_team_member][et_pb_text _builder_version=\u00bb4.27.0&#8243; _module_preset=\u00bbdefault\u00bb text_font=\u00bb&#8211;et_global_body_font||||||||\u00bb text_font_size=\u00bb18px\u00bb hover_enabled=\u00bb0&#8243; global_colors_info=\u00bb{}\u00bb background_layout=\u00bbdark\u00bb sticky_enabled=\u00bb0&#8243;]<\/p>\n<p style=\"text-align: justify;\"><span style=\"color: #008000;\"><strong><a href=\"https:\/\/www.ecosur.mx\" style=\"color: #008000;\">https:\/\/www.ecosur.mx<\/a><\/strong><\/span><\/p>\n<p>[\/et_pb_text][\/et_pb_column][et_pb_column type=\u00bb1_3&#8243; _builder_version=\u00bb4.17.4&#8243; _module_preset=\u00bbdefault\u00bb global_colors_info=\u00bb{}\u00bb][et_pb_team_member name=\u00bbColegio de Postgraduados-campus Veracruz\u00bb _builder_version=\u00bb4.27.0&#8243; _module_preset=\u00bbdefault\u00bb header_font=\u00bb|700|||||||\u00bb header_font_size=\u00bb20px\u00bb position_text_color=\u00bb#000000&#8243; hover_enabled=\u00bb0&#8243; global_colors_info=\u00bb{}\u00bb sticky_enabled=\u00bb0&#8243;][\/et_pb_team_member][et_pb_text _builder_version=\u00bb4.27.0&#8243; _module_preset=\u00bbdefault\u00bb text_font=\u00bb&#8211;et_global_body_font||||||||\u00bb text_font_size=\u00bb18px\u00bb hover_enabled=\u00bb0&#8243; global_colors_info=\u00bb{}\u00bb background_layout=\u00bbdark\u00bb sticky_enabled=\u00bb0&#8243;]<\/p>\n<p style=\"text-align: justify;\"><span style=\"color: #008000;\"><strong><a href=\"https:\/\/www.colpos.mx\/cp\/\" style=\"color: #008000;\">https:\/\/www.colpos.mx\/cp\/<\/a><\/strong><\/span><strong><\/strong><\/p>\n<p>[\/et_pb_text][\/et_pb_column][et_pb_column type=\u00bb1_3&#8243; _builder_version=\u00bb4.17.4&#8243; _module_preset=\u00bbdefault\u00bb global_colors_info=\u00bb{}\u00bb][\/et_pb_column][\/et_pb_row][\/et_pb_section][et_pb_section fb_built=\u00bb1&#8243; _builder_version=\u00bb4.27.0&#8243; _module_preset=\u00bbdefault\u00bb custom_margin=\u00bb-7px|||||\u00bb custom_padding=\u00bb17px||33px|||\u00bb hover_enabled=\u00bb0&#8243; global_colors_info=\u00bb{}\u00bb disabled_on=\u00bbon|on|on\u00bb disabled=\u00bbon\u00bb sticky_enabled=\u00bb0&#8243;][et_pb_row _builder_version=\u00bb4.18.0&#8243; _module_preset=\u00bbdefault\u00bb global_colors_info=\u00bb{}\u00bb][et_pb_column type=\u00bb4_4&#8243; _builder_version=\u00bb4.18.0&#8243; _module_preset=\u00bbdefault\u00bb global_colors_info=\u00bb{}\u00bb][et_pb_text _builder_version=\u00bb4.27.0&#8243; _module_preset=\u00bbdefault\u00bb hover_enabled=\u00bb0&#8243; global_colors_info=\u00bb{}\u00bb sticky_enabled=\u00bb0&#8243;][\/et_pb_text][\/et_pb_column][\/et_pb_row][et_pb_row column_structure=\u00bb1_3,1_3,1_3&#8243; _builder_version=\u00bb4.18.0&#8243; _module_preset=\u00bbdefault\u00bb global_colors_info=\u00bb{}\u00bb][et_pb_column type=\u00bb1_3&#8243; _builder_version=\u00bb4.18.0&#8243; _module_preset=\u00bbdefault\u00bb global_colors_info=\u00bb{}\u00bb][et_pb_team_member name=\u00bbJos\u00e9 Espinoza P\u00e9rez\u00bb position=\u00bbDoctorante en Ciencias en Ecolog\u00eda y Desarrollo Sustentable por el  Colegio de la Frontera Sur\u00bb _builder_version=\u00bb4.18.0&#8243; _module_preset=\u00bbdefault\u00bb header_font=\u00bb|700|||||||\u00bb position_text_color=\u00bb#000000&#8243; global_colors_info=\u00bb{}\u00bb]<\/p>\n<p dir=\"ltr\"><span>jep.espinozajose<\/span><span>@gmail.com<\/span><\/p>\n<p>[\/et_pb_team_member][et_pb_team_member name=\u00bbIsmael Alvarez Marquez\u00bb position=\u00bbEstudiante de Ingenier\u00eda Mecatr\u00f3nica Instituto Tecnol\u00f3gico Superior de Zacapoaxtla\u00bb _builder_version=\u00bb4.18.0&#8243; _module_preset=\u00bbdefault\u00bb header_font=\u00bb|700|||||||\u00bb position_text_color=\u00bb#000000&#8243; hover_enabled=\u00bb0&#8243; global_colors_info=\u00bb{}\u00bb sticky_enabled=\u00bb0&#8243;]<\/p>\n<p dir=\"ltr\"><span>ismaelalvarezz10@gmail.com<\/span><\/p>\n<p>[\/et_pb_team_member][\/et_pb_column][et_pb_column type=\u00bb1_3&#8243; _builder_version=\u00bb4.18.0&#8243; _module_preset=\u00bbdefault\u00bb global_colors_info=\u00bb{}\u00bb][et_pb_team_member name=\u00bbDiana Ramiro Calder\u00f3n\u00bb position=\u00bbProfesora de Tiempo Completo Maestra en  Administraci\u00f3n Instituto Tecnol\u00f3gico Superior de Zacapoaxtla\u00bb _builder_version=\u00bb4.18.0&#8243; _module_preset=\u00bbdefault\u00bb header_font=\u00bb|700|||||||\u00bb position_text_color=\u00bb#000000&#8243; hover_enabled=\u00bb0&#8243; global_colors_info=\u00bb{}\u00bb sticky_enabled=\u00bb0&#8243;]<\/p>\n<p dir=\"ltr\"><span>diana.rc@zacapoaxtla.tecnm.mx<\/span><\/p>\n<p>[\/et_pb_team_member][\/et_pb_column][et_pb_column type=\u00bb1_3&#8243; _builder_version=\u00bb4.18.0&#8243; _module_preset=\u00bbdefault\u00bb global_colors_info=\u00bb{}\u00bb][et_pb_team_member name=\u00bbOscar Javier Zapata Nava\u00bb position=\u00bbProfesor &#8211; Investigador Doctor en Ciencias con Especialidad en \u00d3ptica Instituto Tecnol\u00f3gico Superior de Zacapoaxtla\u00bb _builder_version=\u00bb4.18.0&#8243; _module_preset=\u00bbdefault\u00bb header_font=\u00bb|700|||||||\u00bb position_text_color=\u00bb#000000&#8243; hover_enabled=\u00bb0&#8243; global_colors_info=\u00bb{}\u00bb sticky_enabled=\u00bb0&#8243;]<\/p>\n<p dir=\"ltr\"><span>oscar.zn@zacapoaxtla.tecnm.mx<\/span><\/p>\n<p>[\/et_pb_team_member][\/et_pb_column][\/et_pb_row][\/et_pb_section]<\/p>\n","protected":false},"excerpt":{"rendered":"<p>El Jard\u00edn Etnobiol\u00f3gico de los Siete Pueblos Originarios del Estado de Puebla se construye con la participaci\u00f3n de sabias y sabios de las comunidades, estudiantes, profesores y profesoras, investigadores e investigadoras, de distintos pueblos originarios e instituciones de educaci\u00f3n superior, de manera horizontal y transdisciplinario.\u00a0Rogelio Hern\u00e1ndez Ortega &#8211; Rector de la Universidad Intercultural del Estado [&hellip;]<\/p>\n","protected":false},"author":1,"featured_media":0,"parent":0,"menu_order":0,"comment_status":"closed","ping_status":"closed","template":"","meta":{"_et_pb_use_builder":"on","_et_pb_old_content":"","_et_gb_content_width":"","footnotes":""},"_links":{"self":[{"href":"https:\/\/jardin.uiep.edu.mx\/index.php?rest_route=\/wp\/v2\/pages\/30"}],"collection":[{"href":"https:\/\/jardin.uiep.edu.mx\/index.php?rest_route=\/wp\/v2\/pages"}],"about":[{"href":"https:\/\/jardin.uiep.edu.mx\/index.php?rest_route=\/wp\/v2\/types\/page"}],"author":[{"embeddable":true,"href":"https:\/\/jardin.uiep.edu.mx\/index.php?rest_route=\/wp\/v2\/users\/1"}],"replies":[{"embeddable":true,"href":"https:\/\/jardin.uiep.edu.mx\/index.php?rest_route=%2Fwp%2Fv2%2Fcomments&post=30"}],"version-history":[{"count":9,"href":"https:\/\/jardin.uiep.edu.mx\/index.php?rest_route=\/wp\/v2\/pages\/30\/revisions"}],"predecessor-version":[{"id":598,"href":"https:\/\/jardin.uiep.edu.mx\/index.php?rest_route=\/wp\/v2\/pages\/30\/revisions\/598"}],"wp:attachment":[{"href":"https:\/\/jardin.uiep.edu.mx\/index.php?rest_route=%2Fwp%2Fv2%2Fmedia&parent=30"}],"curies":[{"name":"wp","href":"https:\/\/api.w.org\/{rel}","templated":true}]}}