{"id":57,"date":"2023-02-27T21:41:54","date_gmt":"2023-02-27T21:41:54","guid":{"rendered":"https:\/\/jardin.uiep.edu.mx\/?page_id=57"},"modified":"2026-02-17T22:32:55","modified_gmt":"2026-02-17T22:32:55","slug":"red-de-jardines-etnobiologicos","status":"publish","type":"page","link":"https:\/\/jardin.uiep.edu.mx\/?page_id=57","title":{"rendered":"Red de Jardines Etnobiol\u00f3gicos"},"content":{"rendered":"[et_pb_section fb_built=\u00bb1&#8243; admin_label=\u00bbsection\u00bb _builder_version=\u00bb4.16&#8243; global_colors_info=\u00bb{}\u00bb][et_pb_row admin_label=\u00bbrow\u00bb _builder_version=\u00bb4.16&#8243; background_size=\u00bbinitial\u00bb background_position=\u00bbtop_left\u00bb background_repeat=\u00bbrepeat\u00bb global_colors_info=\u00bb{}\u00bb][et_pb_column type=\u00bb4_4&#8243; _builder_version=\u00bb4.16&#8243; custom_padding=\u00bb|||\u00bb global_colors_info=\u00bb{}\u00bb custom_padding__hover=\u00bb|||\u00bb][et_pb_text admin_label=\u00bbText\u00bb _builder_version=\u00bb4.16&#8243; background_size=\u00bbinitial\u00bb background_position=\u00bbtop_left\u00bb background_repeat=\u00bbrepeat\u00bb global_colors_info=\u00bb{}\u00bb][\/et_pb_text][\/et_pb_column][\/et_pb_row][\/et_pb_section][et_pb_section fb_built=\u00bb1&#8243; fullwidth=\u00bbon\u00bb _builder_version=\u00bb4.27.0&#8243; _module_preset=\u00bbdefault\u00bb global_colors_info=\u00bb{}\u00bb][et_pb_fullwidth_slider use_bg_overlay=\u00bboff\u00bb use_text_overlay=\u00bboff\u00bb _builder_version=\u00bb4.27.0&#8243; _module_preset=\u00bbdefault\u00bb header_font_size=\u00bb30px\u00bb header_font_size_tablet=\u00bb18px\u00bb header_font_size_phone=\u00bb18px\u00bb header_font_size_last_edited=\u00bbon|desktop\u00bb global_colors_info=\u00bb{}\u00bb][et_pb_slide _builder_version=\u00bb4.27.0&#8243; _module_preset=\u00bbdefault\u00bb background_image=\u00bbhttps:\/\/jardin.uiep.edu.mx\/wp-content\/uploads\/2026\/02\/Grupo-Nguigua-scaled.jpg\u00bb global_colors_info=\u00bb{}\u00bb sticky_transition=\u00bbon\u00bb][\/et_pb_slide][\/et_pb_fullwidth_slider][\/et_pb_section][et_pb_section fb_built=\u00bb1&#8243; disabled_on=\u00bboff|off|off\u00bb admin_label=\u00bbGallery\u00bb _builder_version=\u00bb4.27.0&#8243; _module_preset=\u00bb56e7b886-4342-4df9-80e4-f4f3b2a1f697&#8243; background_color=\u00bb#a34600&#8243; background_enable_color=\u00bboff\u00bb background_image=\u00bbhttps:\/\/www.uiep.edu.mx\/wp-content\/uploads\/2022\/09\/cintillo2.png\u00bb background_enable_image=\u00bboff\u00bb custom_padding=\u00bb18px|0px|14px|0px\u00bb locked=\u00bboff\u00bb collapsed=\u00bbon\u00bb global_colors_info=\u00bb{}\u00bb][et_pb_row use_custom_gutter=\u00bbon\u00bb gutter_width=\u00bb2&#8243; _builder_version=\u00bb4.23.1&#8243; _module_preset=\u00bbdefault\u00bb width=\u00bb94%\u00bb max_width=\u00bbnone\u00bb global_colors_info=\u00bb{}\u00bb][et_pb_column type=\u00bb4_4&#8243; _builder_version=\u00bb4.17.4&#8243; _module_preset=\u00bbdefault\u00bb global_colors_info=\u00bb{}\u00bb][et_pb_heading title=\u00bbP\u00e1gina en construcci\u00f3n\u00bb _builder_version=\u00bb4.27.0&#8243; _module_preset=\u00bbdefault\u00bb title_level=\u00bbh2&#8243; title_font=\u00bbRoboto|Cormorant Garamond_weight|||||||\u00bb title_text_align=\u00bbleft\u00bb title_text_color=\u00bb#111111&#8243; title_font_size=\u00bb24px\u00bb title_line_height=\u00bb1.2em\u00bb custom_margin=\u00bb3px||8px||false|false\u00bb custom_padding=\u00bb3px|||||\u00bb hover_enabled=\u00bb0&#8243; title_font_size_tablet=\u00bb28px\u00bb title_font_size_phone=\u00bb20px\u00bb title_font_size_last_edited=\u00bbon|phone\u00bb global_colors_info=\u00bb{}\u00bb sticky_enabled=\u00bb0&#8243;][\/et_pb_heading][et_pb_text _builder_version=\u00bb4.27.0&#8243; _module_preset=\u00bbdefault\u00bb text_font=\u00bb&#8211;et_global_body_font||||||||\u00bb text_font_size=\u00bb18px\u00bb hover_enabled=\u00bb0&#8243; global_colors_info=\u00bb{}\u00bb disabled_on=\u00bbon|on|on\u00bb disabled=\u00bbon\u00bb sticky_enabled=\u00bb0&#8243;]<p style=\"text-align: justify;\"><span style=\"font-weight: 400;\">Un jard\u00edn etnobiol\u00f3gico es un espacio p\u00fablico abierto a la sociedad donde los visitantes pueden conocer las colecciones vivas de la riqueza de flora, fauna, hongos y toda la biodiversidad \u00fatil afine a la regi\u00f3n de la ubicaci\u00f3n del jard\u00edn. Durante el recorrido en el jard\u00edn podr\u00e1n conocer el valor de uso y cultural de esa riqueza que los grupos humanos le han otorgado hist\u00f3ricamente. La escala de colecci\u00f3n puede ser local, regional, estatal o nacional.<\/span><\/p>[\/et_pb_text][\/et_pb_column][\/et_pb_row][\/et_pb_section][et_pb_section fb_built=\u00bb1&#8243; disabled_on=\u00bbon|on|on\u00bb admin_label=\u00bbGallery\u00bb _builder_version=\u00bb4.27.0&#8243; _module_preset=\u00bb56e7b886-4342-4df9-80e4-f4f3b2a1f697&#8243; background_color=\u00bb#12876F\u00bb background_image=\u00bbhttps:\/\/www.uiep.edu.mx\/wp-content\/uploads\/2022\/09\/cintillo2.png\u00bb background_enable_image=\u00bboff\u00bb background_enable_pattern_style=\u00bbon\u00bb background_pattern_style=\u00bbscallops\u00bb custom_padding=\u00bb18px|0px|14px|0px\u00bb hover_enabled=\u00bb0&#8243; locked=\u00bboff\u00bb collapsed=\u00bbon\u00bb global_colors_info=\u00bb{}\u00bb disabled=\u00bbon\u00bb sticky_enabled=\u00bb0&#8243;][et_pb_row column_structure=\u00bb1_2,1_2&#8243; use_custom_gutter=\u00bbon\u00bb gutter_width=\u00bb2&#8243; _builder_version=\u00bb4.23.1&#8243; _module_preset=\u00bbdefault\u00bb width=\u00bb94%\u00bb max_width=\u00bbnone\u00bb global_colors_info=\u00bb{}\u00bb][et_pb_column type=\u00bb1_2&#8243; _builder_version=\u00bb4.17.4&#8243; _module_preset=\u00bbdefault\u00bb global_colors_info=\u00bb{}\u00bb][et_pb_heading title=\u00bbMisi\u00f3n\u00bb _builder_version=\u00bb4.27.0&#8243; _module_preset=\u00bbdefault\u00bb title_level=\u00bbh2&#8243; title_font=\u00bbRoboto|500|||||||\u00bb title_text_align=\u00bbleft\u00bb title_text_color=\u00bb#FFFFFF\u00bb title_font_size=\u00bb24px\u00bb title_line_height=\u00bb1.2em\u00bb custom_margin=\u00bb3px||8px||false|false\u00bb custom_padding=\u00bb3px|||||\u00bb title_font_size_tablet=\u00bb28px\u00bb title_font_size_phone=\u00bb20px\u00bb title_font_size_last_edited=\u00bbon|phone\u00bb global_colors_info=\u00bb{}\u00bb][\/et_pb_heading][et_pb_text _builder_version=\u00bb4.27.0&#8243; _module_preset=\u00bbdefault\u00bb text_font=\u00bb&#8211;et_global_body_font||||||||\u00bb text_text_color=\u00bb#FFFFFF\u00bb text_font_size=\u00bb18px\u00bb global_colors_info=\u00bb{}\u00bb]<p style=\"text-align: justify;\"><span style=\"font-weight: 400;\">Resguardar, recuperar, intercambiar y difundir el conocimiento local de los siete pueblos originarios de Puebla: Totonacos, Nahuas, Otom\u00edes, Tepehuas, Mixtecos, Popolocas, Mazatecos, en relaci\u00f3n con la flora, fauna y hongos nativos, y toda aquella biodiversidad \u00fatil que hist\u00f3ricamente se han aprovechado para diferentes prop\u00f3sitos.<\/span><\/p>[\/et_pb_text][\/et_pb_column][et_pb_column type=\u00bb1_2&#8243; _builder_version=\u00bb4.17.4&#8243; _module_preset=\u00bbdefault\u00bb global_colors_info=\u00bb{}\u00bb][et_pb_heading title=\u00bbVisi\u00f3n\u00bb _builder_version=\u00bb4.27.0&#8243; _module_preset=\u00bbdefault\u00bb title_level=\u00bbh2&#8243; title_font=\u00bbRoboto|Cormorant Garamond_weight|||||||\u00bb title_text_align=\u00bbleft\u00bb title_text_color=\u00bb#FFFFFF\u00bb title_font_size=\u00bb24px\u00bb title_line_height=\u00bb1.2em\u00bb custom_margin=\u00bb3px||8px||false|false\u00bb custom_padding=\u00bb3px|||||\u00bb title_font_size_tablet=\u00bb28px\u00bb title_font_size_phone=\u00bb20px\u00bb title_font_size_last_edited=\u00bbon|phone\u00bb global_colors_info=\u00bb{}\u00bb][\/et_pb_heading][et_pb_text _builder_version=\u00bb4.27.0&#8243; _module_preset=\u00bbdefault\u00bb text_font=\u00bb&#8211;et_global_body_font||||||||\u00bb text_text_color=\u00bb#FFFFFF\u00bb text_font_size=\u00bb18px\u00bb global_colors_info=\u00bb{}\u00bb]<p style=\"text-align: justify;\"><span style=\"font-weight: 400;\">Ser un jard\u00edn etnobiol\u00f3gico que propicie y fomente el intercambio de conocimientos, experiencias, percepciones y cosmovisiones sobre la riqueza biocultural del estado de Puebla y de nuestro pa\u00eds. Coadyuvando a la reflexi\u00f3n y revaloraci\u00f3n de la biodiversidad en el contexto de los pueblos originarios de nuestro pa\u00eds.<\/span><\/p>[\/et_pb_text][\/et_pb_column][\/et_pb_row][\/et_pb_section]","protected":false},"excerpt":{"rendered":"<p>Un jard\u00edn etnobiol\u00f3gico es un espacio p\u00fablico abierto a la sociedad donde los visitantes pueden conocer las colecciones vivas de la riqueza de flora, fauna, hongos y toda la biodiversidad \u00fatil afine a la regi\u00f3n de la ubicaci\u00f3n del jard\u00edn. Durante el recorrido en el jard\u00edn podr\u00e1n conocer el valor de uso y cultural de [&hellip;]<\/p>\n","protected":false},"author":1,"featured_media":0,"parent":0,"menu_order":0,"comment_status":"closed","ping_status":"closed","template":"","meta":{"_et_pb_use_builder":"on","_et_pb_old_content":"<!-- wp:divi\/placeholder \/-->","_et_gb_content_width":"","footnotes":""},"_links":{"self":[{"href":"https:\/\/jardin.uiep.edu.mx\/index.php?rest_route=\/wp\/v2\/pages\/57"}],"collection":[{"href":"https:\/\/jardin.uiep.edu.mx\/index.php?rest_route=\/wp\/v2\/pages"}],"about":[{"href":"https:\/\/jardin.uiep.edu.mx\/index.php?rest_route=\/wp\/v2\/types\/page"}],"author":[{"embeddable":true,"href":"https:\/\/jardin.uiep.edu.mx\/index.php?rest_route=\/wp\/v2\/users\/1"}],"replies":[{"embeddable":true,"href":"https:\/\/jardin.uiep.edu.mx\/index.php?rest_route=%2Fwp%2Fv2%2Fcomments&post=57"}],"version-history":[{"count":3,"href":"https:\/\/jardin.uiep.edu.mx\/index.php?rest_route=\/wp\/v2\/pages\/57\/revisions"}],"predecessor-version":[{"id":612,"href":"https:\/\/jardin.uiep.edu.mx\/index.php?rest_route=\/wp\/v2\/pages\/57\/revisions\/612"}],"wp:attachment":[{"href":"https:\/\/jardin.uiep.edu.mx\/index.php?rest_route=%2Fwp%2Fv2%2Fmedia&parent=57"}],"curies":[{"name":"wp","href":"https:\/\/api.w.org\/{rel}","templated":true}]}}